{"id":11259,"date":"2023-10-24T13:17:00","date_gmt":"2023-10-24T11:17:00","guid":{"rendered":"https:\/\/chapaprianavarroyasociados.com\/bureau-de-valence\/"},"modified":"2025-04-09T12:34:12","modified_gmt":"2025-04-09T10:34:12","slug":"bureau-de-valence","status":"publish","type":"page","link":"https:\/\/chapaprianavarroyasociados.com\/fr\/bureau-de-valence\/","title":{"rendered":"BUREAU DE VALENCE"},"content":{"rendered":"\t\t<div data-elementor-type=\"wp-page\" data-elementor-id=\"11259\" class=\"elementor elementor-11259 elementor-5593\" data-elementor-post-type=\"page\">\n\t\t\t\t\t\t<section class=\"elementor-section elementor-top-section elementor-element elementor-element-2c90239 elementor-section-height-min-height elementor-section-boxed elementor-section-height-default elementor-section-items-middle\" data-id=\"2c90239\" data-element_type=\"section\" data-settings=\"{&quot;jet_parallax_layout_list&quot;:[],&quot;background_background&quot;:&quot;classic&quot;}\">\n\t\t\t\t\t\t<div class=\"elementor-container elementor-column-gap-default\">\n\t\t\t\t\t<div class=\"elementor-column elementor-col-100 elementor-top-column elementor-element elementor-element-37ffb3c\" data-id=\"37ffb3c\" data-element_type=\"column\">\n\t\t\t<div class=\"elementor-widget-wrap elementor-element-populated\">\n\t\t\t\t\t\t<div class=\"elementor-element elementor-element-384ae97 elementor-widget elementor-widget-html\" data-id=\"384ae97\" data-element_type=\"widget\" data-widget_type=\"html.default\">\n\t\t\t\t<div class=\"elementor-widget-container\">\n\t\t\t\t\t<script type=\"application\/ld+json\">{\n  \"@context\": \"https:\/\/schema.org\",\n  \"@type\": \"Attorney\",\n  \"name\": \"Chapapr\u00eda-Navarro & Asociados Valencia\",\n  \"alternateName\": \"Chapapr\u00eda Navarro y Asociados\",\n  \"legalName\": \"CHAPAPRIA NAVARRO Y ASOCIADOS SLP\",\n  \"taxID\": \"B42605592\",\n  \"image\": \"https:\/\/chapaprianavarroyasociados.com\/wp-content\/uploads\/2024\/02\/Despacho-Valencia.jpg\",\n  \"founder\": \"Juan Chapapr\u00eda\",\n  \"foundingDate\": \"1971-09-08\",\n  \"foundingLocation\": \"Valencia\",\n  \"@id\": \"https:\/\/chapaprianavarroyasociados.com\/abogados-en-valencia\/\",\n  \"url\": \"https:\/\/chapaprianavarroyasociados.com\/abogados-en-valencia\/\",\n  \"telephone\": \"966 276 171\",\n  \"email\": \"info@chapaprianavarroyasociados.com\",\n  \"address\": {\n    \"@type\": \"PostalAddress\",\n    \"streetAddress\": \"C\/ de Bret\u00f3n de los Herreros, 5\",\n    \"addressLocality\": \"Val\u00e8ncia\",\n\t\"addressRegion\": \"Valencia\",\n    \"postalCode\": \"46003\",\n    \"addressCountry\": \"ES\"\n  },\n  \"geo\": {\n    \"@type\": \"GeoCoordinates\",\n    \"latitude\": 39.474460008853356,\n    \"longitude\": -0.37080433861833434\n  },\n  \"openingHoursSpecification\": [{\n    \"@type\": \"OpeningHoursSpecification\",\n    \"dayOfWeek\": [\n      \"Monday\",\n      \"Tuesday\",\n      \"Wednesday\",\n      \"Thursday\",\n      \"Friday\"\n    ],\n    \"opens\": \"09:00\",\n    \"closes\": \"14:00\"\n  },{\n    \"@type\": \"OpeningHoursSpecification\",\n    \"dayOfWeek\": [\n      \"Monday\",\n      \"Tuesday\",\n      \"Wednesday\",\n      \"Thursday\",\n      \"Friday\"\n    ],\n    \"opens\": \"15:30\",\n    \"closes\": \"18:30\"\n  }],\n  \"knowsLanguage\": [\n   {\n     \"@type\": \"Language\",\n     \"name\": \"Spanish\",\n\t \"alternateName\": \"es\"\n   },\n   {\n     \"@type\": \"Language\",\n     \"name\": \"English\",\n\t \"alternateName\": \"en\"\n   },\n   {\n     \"@type\": \"Language\",\n     \"name\": \"French\",\n\t \"alternateName\": \"fr\"\n   }\n   ],\n  \"sameAs\": [\n    \"https:\/\/www.instagram.com\/chapaprianavarroasociados\/\",\n    \"https:\/\/www.facebook.com\/chapaprianavarroasociados\/\",\n    \"https:\/\/twitter.com\/BufeteChapapria\",\n    \"https:\/\/es.linkedin.com\/company\/chapapria-navarro-y-asociados-s-l-p\"\n  ],\n  \"hasMap\": \"https:\/\/maps.app.goo.gl\/ai73FS3pMceid5zn8\",\n  \"parentOrganization\": {\n     \"@type\": \"Organization\",\n     \"name\": \"Chapapr\u00eda-Navarro & Asociados\",\n     \"alternateName\": \"Chapapr\u00eda Navarro y Asociados\",\n\t \"url\": \"https:\/\/chapaprianavarroyasociados.com\/\",\n     \"@id\": \"https:\/\/chapaprianavarroyasociados.com\/\",\n     \"logo\": \"https:\/\/chapaprianavarroyasociados.com\/wp-content\/uploads\/2022\/10\/isotipo_fondoblanco.png\"\n  }\n}\n<\/script>\t\t\t\t<\/div>\n\t\t\t\t<\/div>\n\t\t\t\t<div class=\"elementor-element elementor-element-ed316f7 elementor-hidden-tablet elementor-hidden-mobile elementor-invisible elementor-widget elementor-widget-heading\" data-id=\"ed316f7\" data-element_type=\"widget\" data-settings=\"{&quot;_animation&quot;:&quot;fadeInDown&quot;}\" data-widget_type=\"heading.default\">\n\t\t\t\t<div class=\"elementor-widget-container\">\n\t\t\t\t\t<h1 class=\"elementor-heading-title elementor-size-default\">Votre cabinet d'avocats \u00e0<br><p style=\"font-size:160px\">VALENCE<\/p><\/h1>\t\t\t\t<\/div>\n\t\t\t\t<\/div>\n\t\t\t\t<div class=\"elementor-element elementor-element-b437d26 elementor-hidden-desktop elementor-invisible elementor-widget elementor-widget-heading\" data-id=\"b437d26\" data-element_type=\"widget\" data-settings=\"{&quot;_animation&quot;:&quot;fadeInDown&quot;}\" data-widget_type=\"heading.default\">\n\t\t\t\t<div class=\"elementor-widget-container\">\n\t\t\t\t\t<h1 class=\"elementor-heading-title elementor-size-default\">Cabinet d'avocats de Valence<\/h1>\t\t\t\t<\/div>\n\t\t\t\t<\/div>\n\t\t\t\t\t<\/div>\n\t\t<\/div>\n\t\t\t\t\t<\/div>\n\t\t<\/section>\n\t\t\t\t<section class=\"elementor-section elementor-top-section elementor-element elementor-element-80e0e82 elementor-section-content-middle elementor-section-full_width elementor-section-height-default elementor-section-height-default\" data-id=\"80e0e82\" data-element_type=\"section\" data-settings=\"{&quot;jet_parallax_layout_list&quot;:[],&quot;background_background&quot;:&quot;classic&quot;}\">\n\t\t\t\t\t\t<div class=\"elementor-container elementor-column-gap-default\">\n\t\t\t\t\t<div class=\"elementor-column elementor-col-50 elementor-top-column elementor-element elementor-element-8213b56\" data-id=\"8213b56\" data-element_type=\"column\" data-settings=\"{&quot;background_background&quot;:&quot;classic&quot;}\">\n\t\t\t<div class=\"elementor-widget-wrap elementor-element-populated\">\n\t\t\t\t\t\t<div class=\"elementor-element elementor-element-cb7ad19 elementor-widget elementor-widget-heading\" data-id=\"cb7ad19\" data-element_type=\"widget\" data-widget_type=\"heading.default\">\n\t\t\t\t<div class=\"elementor-widget-container\">\n\t\t\t\t\t<h2 class=\"elementor-heading-title elementor-size-default\">Repr\u00e9sentation l\u00e9gale \u00e0 Valencia<\/h2>\t\t\t\t<\/div>\n\t\t\t\t<\/div>\n\t\t\t\t<div class=\"elementor-element elementor-element-37a652f elementor-widget elementor-widget-text-editor\" data-id=\"37a652f\" data-element_type=\"widget\" data-widget_type=\"text-editor.default\">\n\t\t\t\t<div class=\"elementor-widget-container\">\n\t\t\t\t\t\t\t\t\t<p>Depuis 1971, nous offrons nos services de repr\u00e9sentation juridique \u00e0 Torrevieja, et maintenant aussi dans la ville de Valence.<\/p><p>Services juridiques \u00e0 Valence : diff\u00e9rentes branches du droit telles que le droit administratif, le droit urbain, le droit du travail, le droit p\u00e9nal, le droit international public, le droit commercial, le droit civil et les conseils fiscaux, entre autres.<\/p>\t\t\t\t\t\t\t\t<\/div>\n\t\t\t\t<\/div>\n\t\t\t\t<div class=\"elementor-element elementor-element-73af2b1 elementor-align-left elementor-mobile-align-center elementor-widget elementor-widget-button\" data-id=\"73af2b1\" data-element_type=\"widget\" data-widget_type=\"button.default\">\n\t\t\t\t<div class=\"elementor-widget-container\">\n\t\t\t\t\t\t\t\t\t<div class=\"elementor-button-wrapper\">\n\t\t\t\t\t<a class=\"elementor-button elementor-button-link elementor-size-sm elementor-animation-float\" href=\"#contacto\">\n\t\t\t\t\t\t<span class=\"elementor-button-content-wrapper\">\n\t\t\t\t\t\t\t\t\t<span class=\"elementor-button-text\">contacter<\/span>\n\t\t\t\t\t<\/span>\n\t\t\t\t\t<\/a>\n\t\t\t\t<\/div>\n\t\t\t\t\t\t\t\t<\/div>\n\t\t\t\t<\/div>\n\t\t\t\t\t<\/div>\n\t\t<\/div>\n\t\t\t\t<div class=\"elementor-column elementor-col-50 elementor-top-column elementor-element elementor-element-266544c\" data-id=\"266544c\" data-element_type=\"column\" data-settings=\"{&quot;background_background&quot;:&quot;classic&quot;}\">\n\t\t\t<div class=\"elementor-widget-wrap elementor-element-populated\">\n\t\t\t\t\t\t<div class=\"elementor-element elementor-element-2c49711 elementor-widget elementor-widget-spacer\" data-id=\"2c49711\" data-element_type=\"widget\" data-widget_type=\"spacer.default\">\n\t\t\t\t<div class=\"elementor-widget-container\">\n\t\t\t\t\t\t\t<div class=\"elementor-spacer\">\n\t\t\t<div class=\"elementor-spacer-inner\"><\/div>\n\t\t<\/div>\n\t\t\t\t\t\t<\/div>\n\t\t\t\t<\/div>\n\t\t\t\t\t<\/div>\n\t\t<\/div>\n\t\t\t\t\t<\/div>\n\t\t<\/section>\n\t\t\t\t<section class=\"elementor-section elementor-top-section elementor-element elementor-element-de8227a elementor-section-full_width elementor-section-height-default elementor-section-height-default\" data-id=\"de8227a\" data-element_type=\"section\" data-settings=\"{&quot;jet_parallax_layout_list&quot;:[]}\">\n\t\t\t\t\t\t<div class=\"elementor-container elementor-column-gap-default\">\n\t\t\t\t\t<div class=\"elementor-column elementor-col-100 elementor-top-column elementor-element elementor-element-0e685a7\" data-id=\"0e685a7\" data-element_type=\"column\">\n\t\t\t<div class=\"elementor-widget-wrap elementor-element-populated\">\n\t\t\t\t\t\t<div class=\"elementor-element elementor-element-2bbd740 elementor-widget elementor-widget-template\" data-id=\"2bbd740\" data-element_type=\"widget\" data-widget_type=\"template.default\">\n\t\t\t\t<div class=\"elementor-widget-container\">\n\t\t\t\t\t\t\t<div class=\"elementor-template\">\n\t\t\t\t\t<div data-elementor-type=\"section\" data-elementor-id=\"9217\" class=\"elementor elementor-9217\" data-elementor-post-type=\"elementor_library\">\n\t\t\t\t\t<section class=\"elementor-section elementor-top-section elementor-element elementor-element-3c58d7b1 elementor-section-boxed elementor-section-height-default elementor-section-height-default\" data-id=\"3c58d7b1\" data-element_type=\"section\" data-settings=\"{&quot;jet_parallax_layout_list&quot;:[],&quot;background_background&quot;:&quot;classic&quot;}\">\n\t\t\t\t\t\t<div class=\"elementor-container elementor-column-gap-default\">\n\t\t\t\t\t<div class=\"elementor-column elementor-col-33 elementor-top-column elementor-element elementor-element-c21f167\" data-id=\"c21f167\" data-element_type=\"column\">\n\t\t\t<div class=\"elementor-widget-wrap elementor-element-populated\">\n\t\t\t\t\t\t<div class=\"elementor-element elementor-element-42dc4c00 elementor-widget__width-initial elementor-widget elementor-widget-counter\" data-id=\"42dc4c00\" data-element_type=\"widget\" data-widget_type=\"counter.default\">\n\t\t\t\t<div class=\"elementor-widget-container\">\n\t\t\t\t\t\t\t<div class=\"elementor-counter\">\n\t\t\t<div class=\"elementor-counter-title\">Desde<\/div>\t\t\t<div class=\"elementor-counter-number-wrapper\">\n\t\t\t\t<span class=\"elementor-counter-number-prefix\"><\/span>\n\t\t\t\t<span class=\"elementor-counter-number\" data-duration=\"3000\" data-to-value=\"1971\" data-from-value=\"2025\">2025<\/span>\n\t\t\t\t<span class=\"elementor-counter-number-suffix\"><\/span>\n\t\t\t<\/div>\n\t\t<\/div>\n\t\t\t\t\t\t<\/div>\n\t\t\t\t<\/div>\n\t\t\t\t\t<\/div>\n\t\t<\/div>\n\t\t\t\t<div class=\"elementor-column elementor-col-33 elementor-top-column elementor-element elementor-element-d0f153\" data-id=\"d0f153\" data-element_type=\"column\">\n\t\t\t<div class=\"elementor-widget-wrap elementor-element-populated\">\n\t\t\t\t\t\t<div class=\"elementor-element elementor-element-215feb1e elementor-widget__width-initial elementor-widget elementor-widget-counter\" data-id=\"215feb1e\" data-element_type=\"widget\" data-widget_type=\"counter.default\">\n\t\t\t\t<div class=\"elementor-widget-container\">\n\t\t\t\t\t\t\t<div class=\"elementor-counter\">\n\t\t\t<div class=\"elementor-counter-title\">Procedimientos en Sede Judicial<\/div>\t\t\t<div class=\"elementor-counter-number-wrapper\">\n\t\t\t\t<span class=\"elementor-counter-number-prefix\">+<\/span>\n\t\t\t\t<span class=\"elementor-counter-number\" data-duration=\"2000\" data-to-value=\"1178\" data-from-value=\"0\" data-delimiter=\".\">0<\/span>\n\t\t\t\t<span class=\"elementor-counter-number-suffix\"><\/span>\n\t\t\t<\/div>\n\t\t<\/div>\n\t\t\t\t\t\t<\/div>\n\t\t\t\t<\/div>\n\t\t\t\t\t<\/div>\n\t\t<\/div>\n\t\t\t\t<div class=\"elementor-column elementor-col-33 elementor-top-column elementor-element elementor-element-21aeb51f\" data-id=\"21aeb51f\" data-element_type=\"column\">\n\t\t\t<div class=\"elementor-widget-wrap elementor-element-populated\">\n\t\t\t\t\t\t<div class=\"elementor-element elementor-element-6e9fe820 elementor-widget__width-initial elementor-invisible elementor-widget elementor-widget-heading\" data-id=\"6e9fe820\" data-element_type=\"widget\" data-settings=\"{&quot;_animation&quot;:&quot;fadeIn&quot;}\" data-widget_type=\"heading.default\">\n\t\t\t\t<div class=\"elementor-widget-container\">\n\t\t\t\t\t<p class=\"elementor-heading-title elementor-size-default\">Equipo Multidisciplinar<\/p>\t\t\t\t<\/div>\n\t\t\t\t<\/div>\n\t\t\t\t\t<\/div>\n\t\t<\/div>\n\t\t\t\t\t<\/div>\n\t\t<\/section>\n\t\t\t\t<\/div>\n\t\t\t\t<\/div>\n\t\t\t\t\t\t<\/div>\n\t\t\t\t<\/div>\n\t\t\t\t\t<\/div>\n\t\t<\/div>\n\t\t\t\t\t<\/div>\n\t\t<\/section>\n\t\t\t\t<section class=\"elementor-section elementor-top-section elementor-element elementor-element-2290150 elementor-section-boxed elementor-section-height-default elementor-section-height-default\" data-id=\"2290150\" data-element_type=\"section\" data-settings=\"{&quot;jet_parallax_layout_list&quot;:[],&quot;background_background&quot;:&quot;classic&quot;}\">\n\t\t\t\t\t\t<div class=\"elementor-container elementor-column-gap-default\">\n\t\t\t\t\t<div class=\"elementor-column elementor-col-100 elementor-top-column elementor-element elementor-element-1156310\" data-id=\"1156310\" data-element_type=\"column\">\n\t\t\t<div class=\"elementor-widget-wrap elementor-element-populated\">\n\t\t\t\t\t\t<div class=\"elementor-element elementor-element-4d03b13 elementor-widget elementor-widget-heading\" data-id=\"4d03b13\" data-element_type=\"widget\" data-widget_type=\"heading.default\">\n\t\t\t\t<div class=\"elementor-widget-container\">\n\t\t\t\t\t<h2 class=\"elementor-heading-title elementor-size-default\">Services de notre \u00e9quipe \u00e0 Valence<\/h2>\t\t\t\t<\/div>\n\t\t\t\t<\/div>\n\t\t\t\t\t<\/div>\n\t\t<\/div>\n\t\t\t\t\t<\/div>\n\t\t<\/section>\n\t\t\t\t<section class=\"elementor-section elementor-top-section elementor-element elementor-element-39cf05b elementor-section-boxed elementor-section-height-default elementor-section-height-default\" data-id=\"39cf05b\" data-element_type=\"section\" data-settings=\"{&quot;jet_parallax_layout_list&quot;:[],&quot;background_background&quot;:&quot;classic&quot;}\">\n\t\t\t\t\t\t<div class=\"elementor-container elementor-column-gap-default\">\n\t\t\t\t\t<div class=\"elementor-column elementor-col-33 elementor-top-column elementor-element elementor-element-7145626\" data-id=\"7145626\" data-element_type=\"column\">\n\t\t\t<div class=\"elementor-widget-wrap elementor-element-populated\">\n\t\t\t\t\t\t<div class=\"elementor-element elementor-element-0cd8e3a elementor-widget elementor-widget-image\" data-id=\"0cd8e3a\" data-element_type=\"widget\" data-widget_type=\"image.default\">\n\t\t\t\t<div class=\"elementor-widget-container\">\n\t\t\t\t\t\t\t\t\t\t\t\t\t\t\t<img decoding=\"async\" width=\"150\" height=\"150\" src=\"https:\/\/chapaprianavarroyasociados.com\/wp-content\/uploads\/2022\/10\/derecho_administrativo-1.png\" class=\"attachment-large size-large wp-image-620\" alt=\"\" \/>\t\t\t\t\t\t\t\t\t\t\t\t\t\t\t<\/div>\n\t\t\t\t<\/div>\n\t\t\t\t<div class=\"elementor-element elementor-element-8beaf5a elementor-widget elementor-widget-text-editor\" data-id=\"8beaf5a\" data-element_type=\"widget\" data-widget_type=\"text-editor.default\">\n\t\t\t\t<div class=\"elementor-widget-container\">\n\t\t\t\t\t\t\t\t\t<h3 style=\"font-size: 18px;font-weight:300\">Droit administratif<\/h3>\t\t\t\t\t\t\t\t<\/div>\n\t\t\t\t<\/div>\n\t\t\t\t<div class=\"elementor-element elementor-element-8b60bbd elementor-widget elementor-widget-text-editor\" data-id=\"8b60bbd\" data-element_type=\"widget\" data-widget_type=\"text-editor.default\">\n\t\t\t\t<div class=\"elementor-widget-container\">\n\t\t\t\t\t\t\t\t\t<p>Le droit administratif est charg\u00e9 de r\u00e9glementer l\u2019administration publique. Le cabinet dispose d&rsquo;un d\u00e9partement au service des institutions, des entreprises et des particuliers. <\/p>\t\t\t\t\t\t\t\t<\/div>\n\t\t\t\t<\/div>\n\t\t\t\t\t<\/div>\n\t\t<\/div>\n\t\t\t\t<div class=\"elementor-column elementor-col-33 elementor-top-column elementor-element elementor-element-0bfda0c\" data-id=\"0bfda0c\" data-element_type=\"column\">\n\t\t\t<div class=\"elementor-widget-wrap elementor-element-populated\">\n\t\t\t\t\t\t<div class=\"elementor-element elementor-element-5525242 elementor-widget elementor-widget-image\" data-id=\"5525242\" data-element_type=\"widget\" data-widget_type=\"image.default\">\n\t\t\t\t<div class=\"elementor-widget-container\">\n\t\t\t\t\t\t\t\t\t\t\t\t\t\t\t<img decoding=\"async\" width=\"150\" height=\"150\" src=\"https:\/\/chapaprianavarroyasociados.com\/wp-content\/uploads\/2022\/10\/derecho_internacional-1.png\" class=\"attachment-large size-large wp-image-626\" alt=\"\" \/>\t\t\t\t\t\t\t\t\t\t\t\t\t\t\t<\/div>\n\t\t\t\t<\/div>\n\t\t\t\t<div class=\"elementor-element elementor-element-249078c elementor-widget elementor-widget-text-editor\" data-id=\"249078c\" data-element_type=\"widget\" data-widget_type=\"text-editor.default\">\n\t\t\t\t<div class=\"elementor-widget-container\">\n\t\t\t\t\t\t\t\t\t<h3 style=\"font-size: 18px; font-weight: 300;\">Droit international<\/h3>\t\t\t\t\t\t\t\t<\/div>\n\t\t\t\t<\/div>\n\t\t\t\t<div class=\"elementor-element elementor-element-e5707bc elementor-widget elementor-widget-text-editor\" data-id=\"e5707bc\" data-element_type=\"widget\" data-widget_type=\"text-editor.default\">\n\t\t\t\t<div class=\"elementor-widget-container\">\n\t\t\t\t\t\t\t\t\t<p>Le droit international est la branche juridique qui r\u00e9git les relations entre les \u00c9tats et les individus, \u00e0 condition qu\u2019elles comportent une composante internationale, dans le but d\u2019\u00e9viter les conflits.<\/p>\t\t\t\t\t\t\t\t<\/div>\n\t\t\t\t<\/div>\n\t\t\t\t\t<\/div>\n\t\t<\/div>\n\t\t\t\t<div class=\"elementor-column elementor-col-33 elementor-top-column elementor-element elementor-element-d4e5bd3\" data-id=\"d4e5bd3\" data-element_type=\"column\">\n\t\t\t<div class=\"elementor-widget-wrap elementor-element-populated\">\n\t\t\t\t\t\t<div class=\"elementor-element elementor-element-0faa6c5 elementor-widget elementor-widget-image\" data-id=\"0faa6c5\" data-element_type=\"widget\" data-widget_type=\"image.default\">\n\t\t\t\t<div class=\"elementor-widget-container\">\n\t\t\t\t\t\t\t\t\t\t\t\t\t\t\t<img decoding=\"async\" width=\"150\" height=\"150\" src=\"https:\/\/chapaprianavarroyasociados.com\/wp-content\/uploads\/2022\/10\/derecho_urbanistico-1.png\" class=\"attachment-large size-large wp-image-638\" alt=\"\" \/>\t\t\t\t\t\t\t\t\t\t\t\t\t\t\t<\/div>\n\t\t\t\t<\/div>\n\t\t\t\t<div class=\"elementor-element elementor-element-dc5e2c9 elementor-widget elementor-widget-text-editor\" data-id=\"dc5e2c9\" data-element_type=\"widget\" data-widget_type=\"text-editor.default\">\n\t\t\t\t<div class=\"elementor-widget-container\">\n\t\t\t\t\t\t\t\t\t<h3 style=\"font-size: 18px; font-weight: 300;\">Droit de l&rsquo;urbanisme<\/h3>\t\t\t\t\t\t\t\t<\/div>\n\t\t\t\t<\/div>\n\t\t\t\t<div class=\"elementor-element elementor-element-e03b20c elementor-widget elementor-widget-text-editor\" data-id=\"e03b20c\" data-element_type=\"widget\" data-widget_type=\"text-editor.default\">\n\t\t\t\t<div class=\"elementor-widget-container\">\n\t\t\t\t\t\t\t\t\t<p>Le droit de l&rsquo;urbanisme traite de la r\u00e9glementation juridique du ph\u00e9nom\u00e8ne social de l&rsquo;implantation de la population dans l&rsquo;espace physique, en particulier de l&rsquo;utilisation du sol.<\/p>\t\t\t\t\t\t\t\t<\/div>\n\t\t\t\t<\/div>\n\t\t\t\t\t<\/div>\n\t\t<\/div>\n\t\t\t\t\t<\/div>\n\t\t<\/section>\n\t\t\t\t<section class=\"elementor-section elementor-top-section elementor-element elementor-element-c8fe4f5 elementor-section-boxed elementor-section-height-default elementor-section-height-default\" data-id=\"c8fe4f5\" data-element_type=\"section\" data-settings=\"{&quot;jet_parallax_layout_list&quot;:[],&quot;background_background&quot;:&quot;classic&quot;}\">\n\t\t\t\t\t\t<div class=\"elementor-container elementor-column-gap-default\">\n\t\t\t\t\t<div class=\"elementor-column elementor-col-33 elementor-top-column elementor-element elementor-element-d018734\" data-id=\"d018734\" data-element_type=\"column\">\n\t\t\t<div class=\"elementor-widget-wrap elementor-element-populated\">\n\t\t\t\t\t\t<div class=\"elementor-element elementor-element-d901936 elementor-widget elementor-widget-image\" data-id=\"d901936\" data-element_type=\"widget\" data-widget_type=\"image.default\">\n\t\t\t\t<div class=\"elementor-widget-container\">\n\t\t\t\t\t\t\t\t\t\t\t\t\t\t\t<img loading=\"lazy\" decoding=\"async\" width=\"150\" height=\"150\" src=\"https:\/\/chapaprianavarroyasociados.com\/wp-content\/uploads\/2022\/10\/derecho_laboral-1.png\" class=\"attachment-large size-large wp-image-629\" alt=\"\" \/>\t\t\t\t\t\t\t\t\t\t\t\t\t\t\t<\/div>\n\t\t\t\t<\/div>\n\t\t\t\t<div class=\"elementor-element elementor-element-98cb563 elementor-widget elementor-widget-text-editor\" data-id=\"98cb563\" data-element_type=\"widget\" data-widget_type=\"text-editor.default\">\n\t\t\t\t<div class=\"elementor-widget-container\">\n\t\t\t\t\t\t\t\t\t<h3 style=\"font-size: 18px; font-weight: 300;\">Droit du travail<\/h3>\t\t\t\t\t\t\t\t<\/div>\n\t\t\t\t<\/div>\n\t\t\t\t<div class=\"elementor-element elementor-element-c820e77 elementor-widget elementor-widget-text-editor\" data-id=\"c820e77\" data-element_type=\"widget\" data-widget_type=\"text-editor.default\">\n\t\t\t\t<div class=\"elementor-widget-container\">\n\t\t\t\t\t\t\t\t\t<p>Le droit du travail est la branche de la science juridique qui r\u00e9glemente les relations sur le lieu de travail. Cette branche du droit traite des droits et des devoirs des travailleurs et des employeurs. <\/p>\t\t\t\t\t\t\t\t<\/div>\n\t\t\t\t<\/div>\n\t\t\t\t\t<\/div>\n\t\t<\/div>\n\t\t\t\t<div class=\"elementor-column elementor-col-33 elementor-top-column elementor-element elementor-element-2f405ae\" data-id=\"2f405ae\" data-element_type=\"column\">\n\t\t\t<div class=\"elementor-widget-wrap elementor-element-populated\">\n\t\t\t\t\t\t<div class=\"elementor-element elementor-element-4e8a295 elementor-widget elementor-widget-image\" data-id=\"4e8a295\" data-element_type=\"widget\" data-widget_type=\"image.default\">\n\t\t\t\t<div class=\"elementor-widget-container\">\n\t\t\t\t\t\t\t\t\t\t\t\t\t\t\t<img loading=\"lazy\" decoding=\"async\" width=\"150\" height=\"150\" src=\"https:\/\/chapaprianavarroyasociados.com\/wp-content\/uploads\/2022\/10\/derecho_penal-1.png\" class=\"attachment-large size-large wp-image-635\" alt=\"\" \/>\t\t\t\t\t\t\t\t\t\t\t\t\t\t\t<\/div>\n\t\t\t\t<\/div>\n\t\t\t\t<div class=\"elementor-element elementor-element-cebffb5 elementor-widget elementor-widget-text-editor\" data-id=\"cebffb5\" data-element_type=\"widget\" data-widget_type=\"text-editor.default\">\n\t\t\t\t<div class=\"elementor-widget-container\">\n\t\t\t\t\t\t\t\t\t<h3 style=\"font-size: 18px; font-weight: 300;\">Droit p\u00e9nal<\/h3>\t\t\t\t\t\t\t\t<\/div>\n\t\t\t\t<\/div>\n\t\t\t\t<div class=\"elementor-element elementor-element-ed7079a elementor-widget elementor-widget-text-editor\" data-id=\"ed7079a\" data-element_type=\"widget\" data-widget_type=\"text-editor.default\">\n\t\t\t\t<div class=\"elementor-widget-container\">\n\t\t\t\t\t\t\t\t\t<p>Le droit p\u00e9nal est charg\u00e9 de r\u00e9glementer et de concevoir les pouvoirs de sanction que l\u2019\u00c9tat r\u00e9serve \u00e0 ceux qui violent les normes de coexistence ou de conduite.<\/p>\t\t\t\t\t\t\t\t<\/div>\n\t\t\t\t<\/div>\n\t\t\t\t\t<\/div>\n\t\t<\/div>\n\t\t\t\t<div class=\"elementor-column elementor-col-33 elementor-top-column elementor-element elementor-element-fba4df7\" data-id=\"fba4df7\" data-element_type=\"column\">\n\t\t\t<div class=\"elementor-widget-wrap elementor-element-populated\">\n\t\t\t\t\t\t<div class=\"elementor-element elementor-element-1eb15fd elementor-widget elementor-widget-image\" data-id=\"1eb15fd\" data-element_type=\"widget\" data-widget_type=\"image.default\">\n\t\t\t\t<div class=\"elementor-widget-container\">\n\t\t\t\t\t\t\t\t\t\t\t\t\t\t\t<img loading=\"lazy\" decoding=\"async\" width=\"150\" height=\"150\" src=\"https:\/\/chapaprianavarroyasociados.com\/wp-content\/uploads\/2022\/10\/derecho_mercantil.png\" class=\"attachment-large size-large wp-image-632\" alt=\"\" \/>\t\t\t\t\t\t\t\t\t\t\t\t\t\t\t<\/div>\n\t\t\t\t<\/div>\n\t\t\t\t<div class=\"elementor-element elementor-element-cf4b06f elementor-widget elementor-widget-text-editor\" data-id=\"cf4b06f\" data-element_type=\"widget\" data-widget_type=\"text-editor.default\">\n\t\t\t\t<div class=\"elementor-widget-container\">\n\t\t\t\t\t\t\t\t\t<h3 style=\"font-size: 18px; font-weight: 300;\">Droit commercial<\/h3>\t\t\t\t\t\t\t\t<\/div>\n\t\t\t\t<\/div>\n\t\t\t\t<div class=\"elementor-element elementor-element-0bdfb56 elementor-widget elementor-widget-text-editor\" data-id=\"0bdfb56\" data-element_type=\"widget\" data-widget_type=\"text-editor.default\">\n\t\t\t\t<div class=\"elementor-widget-container\">\n\t\t\t\t\t\t\t\t\t<p>Nous fournissons des conseils en droit commercial pour faciliter les op\u00e9rations commerciales et assurer la conformit\u00e9 l\u00e9gale.<\/p>\t\t\t\t\t\t\t\t<\/div>\n\t\t\t\t<\/div>\n\t\t\t\t\t<\/div>\n\t\t<\/div>\n\t\t\t\t\t<\/div>\n\t\t<\/section>\n\t\t\t\t<section class=\"elementor-section elementor-top-section elementor-element elementor-element-7ae8058 elementor-section-boxed elementor-section-height-default elementor-section-height-default\" data-id=\"7ae8058\" data-element_type=\"section\" data-settings=\"{&quot;jet_parallax_layout_list&quot;:[],&quot;background_background&quot;:&quot;classic&quot;}\">\n\t\t\t\t\t\t<div class=\"elementor-container elementor-column-gap-default\">\n\t\t\t\t\t<div class=\"elementor-column elementor-col-33 elementor-top-column elementor-element elementor-element-2a30ef1\" data-id=\"2a30ef1\" data-element_type=\"column\">\n\t\t\t<div class=\"elementor-widget-wrap elementor-element-populated\">\n\t\t\t\t\t\t<div class=\"elementor-element elementor-element-f55a26c elementor-widget elementor-widget-image\" data-id=\"f55a26c\" data-element_type=\"widget\" data-widget_type=\"image.default\">\n\t\t\t\t<div class=\"elementor-widget-container\">\n\t\t\t\t\t\t\t\t\t\t\t\t\t\t\t<img loading=\"lazy\" decoding=\"async\" width=\"150\" height=\"150\" src=\"https:\/\/chapaprianavarroyasociados.com\/wp-content\/uploads\/2022\/10\/derecho_civil.png\" class=\"attachment-large size-large wp-image-623\" alt=\"\" \/>\t\t\t\t\t\t\t\t\t\t\t\t\t\t\t<\/div>\n\t\t\t\t<\/div>\n\t\t\t\t<div class=\"elementor-element elementor-element-522890d elementor-widget elementor-widget-text-editor\" data-id=\"522890d\" data-element_type=\"widget\" data-widget_type=\"text-editor.default\">\n\t\t\t\t<div class=\"elementor-widget-container\">\n\t\t\t\t\t\t\t\t\t<h3 style=\"font-size: 18px; font-weight: 300;\">Droit civil<\/h3>\t\t\t\t\t\t\t\t<\/div>\n\t\t\t\t<\/div>\n\t\t\t\t<div class=\"elementor-element elementor-element-53207d9 elementor-widget elementor-widget-text-editor\" data-id=\"53207d9\" data-element_type=\"widget\" data-widget_type=\"text-editor.default\">\n\t\t\t\t<div class=\"elementor-widget-container\">\n\t\t\t\t\t\t\t\t\t<p>Le droit civil se consacre \u00e0 l\u2019analyse et \u00e0 la r\u00e9glementation des diff\u00e9rents aspects de la vie civile des individus.<\/p>\t\t\t\t\t\t\t\t<\/div>\n\t\t\t\t<\/div>\n\t\t\t\t\t<\/div>\n\t\t<\/div>\n\t\t\t\t<div class=\"elementor-column elementor-col-33 elementor-top-column elementor-element elementor-element-9bd2c96\" data-id=\"9bd2c96\" data-element_type=\"column\">\n\t\t\t<div class=\"elementor-widget-wrap elementor-element-populated\">\n\t\t\t\t\t\t<div class=\"elementor-element elementor-element-1d916eb elementor-widget elementor-widget-image\" data-id=\"1d916eb\" data-element_type=\"widget\" data-widget_type=\"image.default\">\n\t\t\t\t<div class=\"elementor-widget-container\">\n\t\t\t\t\t\t\t\t\t\t\t\t\t\t\t<img loading=\"lazy\" decoding=\"async\" width=\"150\" height=\"150\" src=\"https:\/\/chapaprianavarroyasociados.com\/wp-content\/uploads\/2022\/10\/asesoria_fiscal_contable_laboral-1.png\" class=\"attachment-large size-large wp-image-608\" alt=\"\" \/>\t\t\t\t\t\t\t\t\t\t\t\t\t\t\t<\/div>\n\t\t\t\t<\/div>\n\t\t\t\t<div class=\"elementor-element elementor-element-047b1fb elementor-widget elementor-widget-text-editor\" data-id=\"047b1fb\" data-element_type=\"widget\" data-widget_type=\"text-editor.default\">\n\t\t\t\t<div class=\"elementor-widget-container\">\n\t\t\t\t\t\t\t\t\t<h3 style=\"font-size: 18px; font-weight: 300;\">Conseils fiscaux et comptables<\/h3>\t\t\t\t\t\t\t\t<\/div>\n\t\t\t\t<\/div>\n\t\t\t\t<div class=\"elementor-element elementor-element-411b7db elementor-widget elementor-widget-text-editor\" data-id=\"411b7db\" data-element_type=\"widget\" data-widget_type=\"text-editor.default\">\n\t\t\t\t<div class=\"elementor-widget-container\">\n\t\t\t\t\t\t\t\t\t<p>Le cabinet dispose d&rsquo;un d\u00e9partement conseil sp\u00e9cialis\u00e9 dans le conseil fiscal et comptable pour les PME, les ind\u00e9pendants, les r\u00e9sidents et les non-r\u00e9sidents.<\/p>\t\t\t\t\t\t\t\t<\/div>\n\t\t\t\t<\/div>\n\t\t\t\t\t<\/div>\n\t\t<\/div>\n\t\t\t\t<div class=\"elementor-column elementor-col-33 elementor-top-column elementor-element elementor-element-d83eef9\" data-id=\"d83eef9\" data-element_type=\"column\">\n\t\t\t<div class=\"elementor-widget-wrap elementor-element-populated\">\n\t\t\t\t\t\t<div class=\"elementor-element elementor-element-b27fab8 elementor-widget elementor-widget-image\" data-id=\"b27fab8\" data-element_type=\"widget\" data-widget_type=\"image.default\">\n\t\t\t\t<div class=\"elementor-widget-container\">\n\t\t\t\t\t\t\t\t\t\t\t\t\t\t\t<img loading=\"lazy\" decoding=\"async\" width=\"150\" height=\"150\" src=\"https:\/\/chapaprianavarroyasociados.com\/wp-content\/uploads\/2022\/10\/derecho_laboral-1.png\" class=\"attachment-large size-large wp-image-629\" alt=\"\" \/>\t\t\t\t\t\t\t\t\t\t\t\t\t\t\t<\/div>\n\t\t\t\t<\/div>\n\t\t\t\t<div class=\"elementor-element elementor-element-cf6ce6d elementor-widget elementor-widget-text-editor\" data-id=\"cf6ce6d\" data-element_type=\"widget\" data-widget_type=\"text-editor.default\">\n\t\t\t\t<div class=\"elementor-widget-container\">\n\t\t\t\t\t\t\t\t\t<h3 style=\"font-size: 18px; font-weight: 300;\">Conseil en travail<\/h3>\t\t\t\t\t\t\t\t<\/div>\n\t\t\t\t<\/div>\n\t\t\t\t<div class=\"elementor-element elementor-element-8be10f6 elementor-widget elementor-widget-text-editor\" data-id=\"8be10f6\" data-element_type=\"widget\" data-widget_type=\"text-editor.default\">\n\t\t\t\t<div class=\"elementor-widget-container\">\n\t\t\t\t\t\t\t\t\t<p>Forts de notre exp\u00e9rience dans le domaine du travail, nous offrons des services de conseil en emploi aux entreprises et aux ind\u00e9pendants. Outre des conseils fiscaux et comptables, ils proposent des services de conseil complets. <\/p>\t\t\t\t\t\t\t\t<\/div>\n\t\t\t\t<\/div>\n\t\t\t\t\t<\/div>\n\t\t<\/div>\n\t\t\t\t\t<\/div>\n\t\t<\/section>\n\t\t\t\t<section class=\"elementor-section elementor-top-section elementor-element elementor-element-91cd70f elementor-section-boxed elementor-section-height-default elementor-section-height-default\" data-id=\"91cd70f\" data-element_type=\"section\" data-settings=\"{&quot;jet_parallax_layout_list&quot;:[]}\">\n\t\t\t\t\t\t<div class=\"elementor-container elementor-column-gap-default\">\n\t\t\t\t\t<div class=\"elementor-column elementor-col-100 elementor-top-column elementor-element elementor-element-75d184a\" data-id=\"75d184a\" data-element_type=\"column\">\n\t\t\t<div class=\"elementor-widget-wrap elementor-element-populated\">\n\t\t\t\t\t\t<div class=\"elementor-element elementor-element-02878dc elementor-widget elementor-widget-heading\" data-id=\"02878dc\" data-element_type=\"widget\" data-widget_type=\"heading.default\">\n\t\t\t\t<div class=\"elementor-widget-container\">\n\t\t\t\t\t<h3 class=\"elementor-heading-title elementor-size-default\">O\u00f9 est situ\u00e9 notre bureau de Valence ?<\/h3>\t\t\t\t<\/div>\n\t\t\t\t<\/div>\n\t\t\t\t\t<\/div>\n\t\t<\/div>\n\t\t\t\t\t<\/div>\n\t\t<\/section>\n\t\t\t\t<section class=\"elementor-section elementor-top-section elementor-element elementor-element-2de5e8f elementor-section-content-middle elementor-section-boxed elementor-section-height-default elementor-section-height-default\" data-id=\"2de5e8f\" data-element_type=\"section\" data-settings=\"{&quot;jet_parallax_layout_list&quot;:[]}\">\n\t\t\t\t\t\t<div class=\"elementor-container elementor-column-gap-default\">\n\t\t\t\t\t<div class=\"elementor-column elementor-col-100 elementor-top-column elementor-element elementor-element-895b9d0\" data-id=\"895b9d0\" data-element_type=\"column\">\n\t\t\t<div class=\"elementor-widget-wrap elementor-element-populated\">\n\t\t\t\t\t\t<section class=\"elementor-section elementor-inner-section elementor-element elementor-element-5a1fa70 elementor-section-boxed elementor-section-height-default elementor-section-height-default\" data-id=\"5a1fa70\" data-element_type=\"section\" data-settings=\"{&quot;jet_parallax_layout_list&quot;:[]}\">\n\t\t\t\t\t\t<div class=\"elementor-container elementor-column-gap-default\">\n\t\t\t\t\t<div class=\"elementor-column elementor-col-50 elementor-inner-column elementor-element elementor-element-e75a93f\" data-id=\"e75a93f\" data-element_type=\"column\">\n\t\t\t<div class=\"elementor-widget-wrap elementor-element-populated\">\n\t\t\t\t\t\t<div class=\"elementor-element elementor-element-feb6a37 elementor-widget elementor-widget-image\" data-id=\"feb6a37\" data-element_type=\"widget\" data-widget_type=\"image.default\">\n\t\t\t\t<div class=\"elementor-widget-container\">\n\t\t\t\t\t\t\t\t\t\t\t\t\t\t\t\t<a href=\"#\">\n\t\t\t\t\t\t\t<img loading=\"lazy\" decoding=\"async\" width=\"59\" height=\"59\" src=\"https:\/\/chapaprianavarroyasociados.com\/wp-content\/uploads\/2022\/10\/ubicacion.png\" class=\"attachment-large size-large wp-image-644\" alt=\"\" \/>\t\t\t\t\t\t\t\t<\/a>\n\t\t\t\t\t\t\t\t\t\t\t\t\t\t\t<\/div>\n\t\t\t\t<\/div>\n\t\t\t\t\t<\/div>\n\t\t<\/div>\n\t\t\t\t<div class=\"elementor-column elementor-col-50 elementor-inner-column elementor-element elementor-element-32ea290\" data-id=\"32ea290\" data-element_type=\"column\">\n\t\t\t<div class=\"elementor-widget-wrap elementor-element-populated\">\n\t\t\t\t\t\t<div class=\"elementor-element elementor-element-e5cfea7 elementor-widget elementor-widget-text-editor\" data-id=\"e5cfea7\" data-element_type=\"widget\" data-widget_type=\"text-editor.default\">\n\t\t\t\t<div class=\"elementor-widget-container\">\n\t\t\t\t\t\t\t\t\t<p><strong>Chapapr\u00eda-Navarro &amp; Associ\u00e9s Valence<br><\/strong><\/p><p>C\/ de Bret\u00f3n de los Herreros, 5, Ciutat Vella, 46003 Val\u00e8ncia, Valence<\/p><p>966 276 171<\/p>\t\t\t\t\t\t\t\t<\/div>\n\t\t\t\t<\/div>\n\t\t\t\t\t<\/div>\n\t\t<\/div>\n\t\t\t\t\t<\/div>\n\t\t<\/section>\n\t\t\t\t\t<\/div>\n\t\t<\/div>\n\t\t\t\t\t<\/div>\n\t\t<\/section>\n\t\t\t\t<section class=\"elementor-section elementor-top-section elementor-element elementor-element-bc88dd6 elementor-section-full_width elementor-section-height-default elementor-section-height-default\" data-id=\"bc88dd6\" data-element_type=\"section\" data-settings=\"{&quot;jet_parallax_layout_list&quot;:[]}\">\n\t\t\t\t\t\t<div class=\"elementor-container elementor-column-gap-default\">\n\t\t\t\t\t<div class=\"elementor-column elementor-col-100 elementor-top-column elementor-element elementor-element-40deeb7\" data-id=\"40deeb7\" data-element_type=\"column\">\n\t\t\t<div class=\"elementor-widget-wrap elementor-element-populated\">\n\t\t\t\t\t\t<div class=\"elementor-element elementor-element-74999af elementor-widget elementor-widget-google_maps\" data-id=\"74999af\" data-element_type=\"widget\" data-widget_type=\"google_maps.default\">\n\t\t\t\t<div class=\"elementor-widget-container\">\n\t\t\t\t\t\t\t<div class=\"elementor-custom-embed\">\n\t\t\t<iframe loading=\"lazy\"\n\t\t\t\t\tsrc=\"https:\/\/maps.google.com\/maps?q=Chapapr%C3%ADa-Navarro%20%26%20Asociados%20Valencia&#038;t=m&#038;z=13&#038;output=embed&#038;iwloc=near\"\n\t\t\t\t\ttitle=\"Chapapr\u00eda-Navarro &amp; Asociados Valencia\"\n\t\t\t\t\taria-label=\"Chapapr\u00eda-Navarro &amp; Asociados Valencia\"\n\t\t\t><\/iframe>\n\t\t<\/div>\n\t\t\t\t\t\t<\/div>\n\t\t\t\t<\/div>\n\t\t\t\t\t<\/div>\n\t\t<\/div>\n\t\t\t\t\t<\/div>\n\t\t<\/section>\n\t\t\t\t<section class=\"elementor-section elementor-top-section elementor-element elementor-element-a3d4877 elementor-section-boxed elementor-section-height-default elementor-section-height-default\" data-id=\"a3d4877\" data-element_type=\"section\" data-settings=\"{&quot;jet_parallax_layout_list&quot;:[]}\">\n\t\t\t\t\t\t<div class=\"elementor-container elementor-column-gap-default\">\n\t\t\t\t\t<div class=\"elementor-column elementor-col-100 elementor-top-column elementor-element elementor-element-9772e7f\" data-id=\"9772e7f\" data-element_type=\"column\">\n\t\t\t<div class=\"elementor-widget-wrap elementor-element-populated\">\n\t\t\t\t\t\t<div class=\"elementor-element elementor-element-977b680 elementor-widget elementor-widget-heading\" data-id=\"977b680\" data-element_type=\"widget\" data-widget_type=\"heading.default\">\n\t\t\t\t<div class=\"elementor-widget-container\">\n\t\t\t\t\t<h2 class=\"elementor-heading-title elementor-size-default\">Chapapr\u00eda-Navarro &amp; Associ\u00e9s \u00e0 Valence<\/h2>\t\t\t\t<\/div>\n\t\t\t\t<\/div>\n\t\t\t\t<div class=\"elementor-element elementor-element-16fb339 elementor-widget elementor-widget-text-editor\" data-id=\"16fb339\" data-element_type=\"widget\" data-widget_type=\"text-editor.default\">\n\t\t\t\t<div class=\"elementor-widget-container\">\n\t\t\t\t\t\t\t\t\t<p>Nous nous distinguons par notre d\u00e9vouement ind\u00e9fectible \u00e0 <b>l\u2019\u00e9thique et \u00e0 l\u2019int\u00e9grit\u00e9 professionnelles<\/b>. <span style=\"color: var( --e-global-color-text ); font-family: var( --e-global-typography-text-font-family ), Sans-serif; font-weight: var( --e-global-typography-text-font-weight ); font-size: 1rem;\">Nous appr\u00e9cions la confiance que nos clients nous accordent et travaillons sans rel\u00e2che pour d\u00e9passer leurs attentes dans chaque cas.<\/span><\/p><p>Dans notre cabinet, nous offrons non seulement des services juridiques, mais \u00e9galement des conseils complets, des conseils d\u2019experts et un engagement ind\u00e9fectible envers l\u2019excellence.<\/p><p>Lorsque vous choisissez de travailler avec nous, vous choisissez une repr\u00e9sentation juridique sup\u00e9rieure qui va au-del\u00e0 de l\u2019ordinaire. <span style=\"color: var( --e-global-color-text ); font-family: var( --e-global-typography-text-font-family ), Sans-serif; font-weight: var( --e-global-typography-text-font-weight ); font-size: 1rem;\">Laissez-nous vous montrer pourquoi nous sommes le choix \u00e9vident pour tous vos besoins juridiques. Nous sommes l\u00e0 pour vous,  <\/span><span style=\"color: var( --e-global-color-text ); font-family: var( --e-global-typography-text-font-family ), Sans-serif; font-size: 1rem;\"><b> \u00e0 chaque \u00e9tape du processus<\/b><\/span><span style=\"color: var( --e-global-color-text ); font-family: var( --e-global-typography-text-font-family ), Sans-serif; font-weight: var( --e-global-typography-text-font-weight ); font-size: 1rem;\">.<\/span><\/p>\t\t\t\t\t\t\t\t<\/div>\n\t\t\t\t<\/div>\n\t\t\t\t\t<\/div>\n\t\t<\/div>\n\t\t\t\t\t<\/div>\n\t\t<\/section>\n\t\t\t\t<section class=\"elementor-section elementor-top-section elementor-element elementor-element-b3f0850 elementor-section-boxed elementor-section-height-default elementor-section-height-default\" data-id=\"b3f0850\" data-element_type=\"section\" data-settings=\"{&quot;jet_parallax_layout_list&quot;:[]}\">\n\t\t\t\t\t\t<div class=\"elementor-container elementor-column-gap-default\">\n\t\t\t\t\t<div class=\"elementor-column elementor-col-100 elementor-top-column elementor-element elementor-element-61943fe\" data-id=\"61943fe\" data-element_type=\"column\">\n\t\t\t<div class=\"elementor-widget-wrap elementor-element-populated\">\n\t\t\t\t\t\t<div class=\"elementor-element elementor-element-4407d8c elementor-widget elementor-widget-heading\" data-id=\"4407d8c\" data-element_type=\"widget\" data-widget_type=\"heading.default\">\n\t\t\t\t<div class=\"elementor-widget-container\">\n\t\t\t\t\t<h2 class=\"elementor-heading-title elementor-size-default\">Questions fr\u00e9quemment pos\u00e9es<\/h2>\t\t\t\t<\/div>\n\t\t\t\t<\/div>\n\t\t\t\t\t<\/div>\n\t\t<\/div>\n\t\t\t\t\t<\/div>\n\t\t<\/section>\n\t\t\t\t<section class=\"elementor-section elementor-top-section elementor-element elementor-element-8c12b14 elementor-section-boxed elementor-section-height-default elementor-section-height-default\" data-id=\"8c12b14\" data-element_type=\"section\" data-settings=\"{&quot;jet_parallax_layout_list&quot;:[]}\">\n\t\t\t\t\t\t<div class=\"elementor-container elementor-column-gap-default\">\n\t\t\t\t\t<div class=\"elementor-column elementor-col-100 elementor-top-column elementor-element elementor-element-916deaf\" data-id=\"916deaf\" data-element_type=\"column\">\n\t\t\t<div class=\"elementor-widget-wrap elementor-element-populated\">\n\t\t\t\t\t\t<div class=\"elementor-element elementor-element-8ca6b90 elementor-widget elementor-widget-toggle\" data-id=\"8ca6b90\" data-element_type=\"widget\" data-widget_type=\"toggle.default\">\n\t\t\t\t<div class=\"elementor-widget-container\">\n\t\t\t\t\t\t\t<div class=\"elementor-toggle\">\n\t\t\t\t\t\t\t<div class=\"elementor-toggle-item\">\n\t\t\t\t\t<h3 id=\"elementor-tab-title-1471\" class=\"elementor-tab-title\" data-tab=\"1\" role=\"button\" aria-controls=\"elementor-tab-content-1471\" aria-expanded=\"false\">\n\t\t\t\t\t\t\t\t\t\t\t\t<span class=\"elementor-toggle-icon elementor-toggle-icon-left\" aria-hidden=\"true\">\n\t\t\t\t\t\t\t\t\t\t\t\t\t\t\t<span class=\"elementor-toggle-icon-closed\"><svg class=\"e-font-icon-svg e-fas-caret-right\" viewBox=\"0 0 192 512\" xmlns=\"http:\/\/www.w3.org\/2000\/svg\"><path d=\"M0 384.662V127.338c0-17.818 21.543-26.741 34.142-14.142l128.662 128.662c7.81 7.81 7.81 20.474 0 28.284L34.142 398.804C21.543 411.404 0 402.48 0 384.662z\"><\/path><\/svg><\/span>\n\t\t\t\t\t\t\t\t<span class=\"elementor-toggle-icon-opened\"><svg class=\"elementor-toggle-icon-opened e-font-icon-svg e-fas-caret-up\" viewBox=\"0 0 320 512\" xmlns=\"http:\/\/www.w3.org\/2000\/svg\"><path d=\"M288.662 352H31.338c-17.818 0-26.741-21.543-14.142-34.142l128.662-128.662c7.81-7.81 20.474-7.81 28.284 0l128.662 128.662c12.6 12.599 3.676 34.142-14.142 34.142z\"><\/path><\/svg><\/span>\n\t\t\t\t\t\t\t\t\t\t\t\t\t<\/span>\n\t\t\t\t\t\t\t\t\t\t\t\t<a class=\"elementor-toggle-title\" tabindex=\"0\">Quels services propose notre cabinet d'avocats \u00e0 Valence ?<\/a>\n\t\t\t\t\t<\/h3>\n\n\t\t\t\t\t<div id=\"elementor-tab-content-1471\" class=\"elementor-tab-content elementor-clearfix\" data-tab=\"1\" role=\"region\" aria-labelledby=\"elementor-tab-title-1471\"><p>Notre cabinet d&rsquo;avocats \u00e0 Valence propose une gamme compl\u00e8te de services juridiques con\u00e7us pour r\u00e9pondre aux besoins de nos clients. Nous nous sp\u00e9cialisons dans divers domaines du droit, notamment le droit civil, p\u00e9nal, du travail et commercial. Avec une \u00e9quipe d&rsquo;avocats agr\u00e9\u00e9s \u00e0 Valence, nous sommes pr\u00eats \u00e0 fournir des conseils juridiques et une repr\u00e9sentation de haute qualit\u00e9 devant les tribunaux. Notre objectif est de fournir des solutions juridiques efficaces et efficientes qui r\u00e9pondent aux int\u00e9r\u00eats de nos clients.   <\/p>\n<\/div>\n\t\t\t\t<\/div>\n\t\t\t\t\t\t\t<div class=\"elementor-toggle-item\">\n\t\t\t\t\t<h3 id=\"elementor-tab-title-1472\" class=\"elementor-tab-title\" data-tab=\"2\" role=\"button\" aria-controls=\"elementor-tab-content-1472\" aria-expanded=\"false\">\n\t\t\t\t\t\t\t\t\t\t\t\t<span class=\"elementor-toggle-icon elementor-toggle-icon-left\" aria-hidden=\"true\">\n\t\t\t\t\t\t\t\t\t\t\t\t\t\t\t<span class=\"elementor-toggle-icon-closed\"><svg class=\"e-font-icon-svg e-fas-caret-right\" viewBox=\"0 0 192 512\" xmlns=\"http:\/\/www.w3.org\/2000\/svg\"><path d=\"M0 384.662V127.338c0-17.818 21.543-26.741 34.142-14.142l128.662 128.662c7.81 7.81 7.81 20.474 0 28.284L34.142 398.804C21.543 411.404 0 402.48 0 384.662z\"><\/path><\/svg><\/span>\n\t\t\t\t\t\t\t\t<span class=\"elementor-toggle-icon-opened\"><svg class=\"elementor-toggle-icon-opened e-font-icon-svg e-fas-caret-up\" viewBox=\"0 0 320 512\" xmlns=\"http:\/\/www.w3.org\/2000\/svg\"><path d=\"M288.662 352H31.338c-17.818 0-26.741-21.543-14.142-34.142l128.662-128.662c7.81-7.81 20.474-7.81 28.284 0l128.662 128.662c12.6 12.599 3.676 34.142-14.142 34.142z\"><\/path><\/svg><\/span>\n\t\t\t\t\t\t\t\t\t\t\t\t\t<\/span>\n\t\t\t\t\t\t\t\t\t\t\t\t<a class=\"elementor-toggle-title\" tabindex=\"0\">Comment puis-je contacter votre cabinet d'avocats \u00e0 Valence pour une consultation ?<\/a>\n\t\t\t\t\t<\/h3>\n\n\t\t\t\t\t<div id=\"elementor-tab-content-1472\" class=\"elementor-tab-content elementor-clearfix\" data-tab=\"2\" role=\"region\" aria-labelledby=\"elementor-tab-title-1472\"><p>Si vous souhaitez planifier une consultation avec un avocat \u00e0 Valence, vous pouvez contacter notre cabinet d&rsquo;avocats via notre site Web, o\u00f9 vous trouverez un formulaire de contact, ou en appelant directement notre bureau. Nous nous effor\u00e7ons de r\u00e9pondre \u00e0 toutes les demandes dans les meilleurs d\u00e9lais et sommes l\u00e0 pour vous aider avec tous vos besoins juridiques. Une premi\u00e8re consultation avec l&rsquo;un de nos avocats vous permettra de discuter des d\u00e9tails de votre cas et de recevoir des conseils juridiques d&rsquo;experts.  <\/p>\n<\/div>\n\t\t\t\t<\/div>\n\t\t\t\t\t\t\t<div class=\"elementor-toggle-item\">\n\t\t\t\t\t<h3 id=\"elementor-tab-title-1473\" class=\"elementor-tab-title\" data-tab=\"3\" role=\"button\" aria-controls=\"elementor-tab-content-1473\" aria-expanded=\"false\">\n\t\t\t\t\t\t\t\t\t\t\t\t<span class=\"elementor-toggle-icon elementor-toggle-icon-left\" aria-hidden=\"true\">\n\t\t\t\t\t\t\t\t\t\t\t\t\t\t\t<span class=\"elementor-toggle-icon-closed\"><svg class=\"e-font-icon-svg e-fas-caret-right\" viewBox=\"0 0 192 512\" xmlns=\"http:\/\/www.w3.org\/2000\/svg\"><path d=\"M0 384.662V127.338c0-17.818 21.543-26.741 34.142-14.142l128.662 128.662c7.81 7.81 7.81 20.474 0 28.284L34.142 398.804C21.543 411.404 0 402.48 0 384.662z\"><\/path><\/svg><\/span>\n\t\t\t\t\t\t\t\t<span class=\"elementor-toggle-icon-opened\"><svg class=\"elementor-toggle-icon-opened e-font-icon-svg e-fas-caret-up\" viewBox=\"0 0 320 512\" xmlns=\"http:\/\/www.w3.org\/2000\/svg\"><path d=\"M288.662 352H31.338c-17.818 0-26.741-21.543-14.142-34.142l128.662-128.662c7.81-7.81 20.474-7.81 28.284 0l128.662 128.662c12.6 12.599 3.676 34.142-14.142 34.142z\"><\/path><\/svg><\/span>\n\t\t\t\t\t\t\t\t\t\t\t\t\t<\/span>\n\t\t\t\t\t\t\t\t\t\t\t\t<a class=\"elementor-toggle-title\" tabindex=\"0\">Qu'est-ce qui distingue notre cabinet d'avocats \u00e0 Valence des autres cabinets ?<\/a>\n\t\t\t\t\t<\/h3>\n\n\t\t\t\t\t<div id=\"elementor-tab-content-1473\" class=\"elementor-tab-content elementor-clearfix\" data-tab=\"3\" role=\"region\" aria-labelledby=\"elementor-tab-title-1473\"><p>Notre cabinet d&rsquo;avocats \u00e0 Valence se distingue par le d\u00e9vouement, l&rsquo;exp\u00e9rience et l&rsquo;engagement de nos avocats envers la satisfaction du client. Consid\u00e9r\u00e9 parmi les meilleurs cabinets d&rsquo;avocats de Valence, Chapapr\u00eda-Navarro &amp; Asociados est fier d&rsquo;offrir une attention personnalis\u00e9e et une approche proactive pour r\u00e9soudre les d\u00e9fis juridiques de nos clients. La r\u00e9putation que nous avons b\u00e2tie au sein de la communaut\u00e9 repose sur notre int\u00e9grit\u00e9, notre professionnalisme et notre capacit\u00e9 \u00e0 obtenir des r\u00e9sultats positifs dans un large \u00e9ventail de questions juridiques.  <\/p>\n<\/div>\n\t\t\t\t<\/div>\n\t\t\t\t\t\t\t<div class=\"elementor-toggle-item\">\n\t\t\t\t\t<h3 id=\"elementor-tab-title-1474\" class=\"elementor-tab-title\" data-tab=\"4\" role=\"button\" aria-controls=\"elementor-tab-content-1474\" aria-expanded=\"false\">\n\t\t\t\t\t\t\t\t\t\t\t\t<span class=\"elementor-toggle-icon elementor-toggle-icon-left\" aria-hidden=\"true\">\n\t\t\t\t\t\t\t\t\t\t\t\t\t\t\t<span class=\"elementor-toggle-icon-closed\"><svg class=\"e-font-icon-svg e-fas-caret-right\" viewBox=\"0 0 192 512\" xmlns=\"http:\/\/www.w3.org\/2000\/svg\"><path d=\"M0 384.662V127.338c0-17.818 21.543-26.741 34.142-14.142l128.662 128.662c7.81 7.81 7.81 20.474 0 28.284L34.142 398.804C21.543 411.404 0 402.48 0 384.662z\"><\/path><\/svg><\/span>\n\t\t\t\t\t\t\t\t<span class=\"elementor-toggle-icon-opened\"><svg class=\"elementor-toggle-icon-opened e-font-icon-svg e-fas-caret-up\" viewBox=\"0 0 320 512\" xmlns=\"http:\/\/www.w3.org\/2000\/svg\"><path d=\"M288.662 352H31.338c-17.818 0-26.741-21.543-14.142-34.142l128.662-128.662c7.81-7.81 20.474-7.81 28.284 0l128.662 128.662c12.6 12.599 3.676 34.142-14.142 34.142z\"><\/path><\/svg><\/span>\n\t\t\t\t\t\t\t\t\t\t\t\t\t<\/span>\n\t\t\t\t\t\t\t\t\t\t\t\t<a class=\"elementor-toggle-title\" tabindex=\"0\">Quelle est l'exp\u00e9rience des anciens clients avec votre cabinet d'avocats \u00e0 Valence ?<\/a>\n\t\t\t\t\t<\/h3>\n\n\t\t\t\t\t<div id=\"elementor-tab-content-1474\" class=\"elementor-tab-content elementor-clearfix\" data-tab=\"4\" role=\"region\" aria-labelledby=\"elementor-tab-title-1474\"><p>Les clients qui ont travaill\u00e9 avec notre cabinet d&rsquo;avocats de Valence louent souvent la qualit\u00e9 de notre service, l&rsquo;expertise de nos avocats et l&rsquo;attention personnalis\u00e9e que nous offrons dans chaque cas. Notre objectif est toujours d&rsquo;obtenir les meilleurs r\u00e9sultats possibles pour nos clients, et nous sommes fiers d&rsquo;\u00eatre reconnus comme l&rsquo;un des meilleurs cabinets d&rsquo;avocats de Valence. Vous pouvez trouver des t\u00e9moignages et des avis d&rsquo;anciens clients sur notre site Web, ce qui vous donnera une bonne id\u00e9e de l&rsquo;exp\u00e9rience \u00e0 laquelle vous pouvez vous attendre en travaillant avec nous.  <\/p>\n<\/div>\n\t\t\t\t<\/div>\n\t\t\t\t\t\t\t<div class=\"elementor-toggle-item\">\n\t\t\t\t\t<h3 id=\"elementor-tab-title-1475\" class=\"elementor-tab-title\" data-tab=\"5\" role=\"button\" aria-controls=\"elementor-tab-content-1475\" aria-expanded=\"false\">\n\t\t\t\t\t\t\t\t\t\t\t\t<span class=\"elementor-toggle-icon elementor-toggle-icon-left\" aria-hidden=\"true\">\n\t\t\t\t\t\t\t\t\t\t\t\t\t\t\t<span class=\"elementor-toggle-icon-closed\"><svg class=\"e-font-icon-svg e-fas-caret-right\" viewBox=\"0 0 192 512\" xmlns=\"http:\/\/www.w3.org\/2000\/svg\"><path d=\"M0 384.662V127.338c0-17.818 21.543-26.741 34.142-14.142l128.662 128.662c7.81 7.81 7.81 20.474 0 28.284L34.142 398.804C21.543 411.404 0 402.48 0 384.662z\"><\/path><\/svg><\/span>\n\t\t\t\t\t\t\t\t<span class=\"elementor-toggle-icon-opened\"><svg class=\"elementor-toggle-icon-opened e-font-icon-svg e-fas-caret-up\" viewBox=\"0 0 320 512\" xmlns=\"http:\/\/www.w3.org\/2000\/svg\"><path d=\"M288.662 352H31.338c-17.818 0-26.741-21.543-14.142-34.142l128.662-128.662c7.81-7.81 20.474-7.81 28.284 0l128.662 128.662c12.6 12.599 3.676 34.142-14.142 34.142z\"><\/path><\/svg><\/span>\n\t\t\t\t\t\t\t\t\t\t\t\t\t<\/span>\n\t\t\t\t\t\t\t\t\t\t\t\t<a class=\"elementor-toggle-title\" tabindex=\"0\">Quels processus votre cabinet suit-il pour tenir les clients inform\u00e9s de l\u2019avancement de leurs dossiers ?<\/a>\n\t\t\t\t\t<\/h3>\n\n\t\t\t\t\t<div id=\"elementor-tab-content-1475\" class=\"elementor-tab-content elementor-clearfix\" data-tab=\"5\" role=\"region\" aria-labelledby=\"elementor-tab-title-1475\"><p>Chez Chapapr\u00eda-Navarro &amp; Associates, nous comprenons l\u2019importance de tenir nos clients inform\u00e9s \u00e0 chaque \u00e9tape de leur dossier. D\u00e8s le moment o\u00f9 vous nous contactez pour une consultation juridique \u00e0 Valence, nous nous engageons \u00e0 fournir une communication claire et coh\u00e9rente. Notre processus commence par une \u00e9valuation d\u00e9taill\u00e9e de votre cas, o\u00f9 notre \u00e9quipe d&rsquo;avocats professionnels \u00e0 Valence vous expliquera les options juridiques disponibles et les r\u00e9sultats potentiels.<br \/>Au fur et \u00e0 mesure de l&rsquo;\u00e9volution de votre dossier, qu&rsquo;il s&rsquo;agisse de droit civil, p\u00e9nal, du travail ou commercial, notre cabinet d&rsquo;avocats de Valence veillera \u00e0 ce que vous soyez tenu inform\u00e9 de toute \u00e9volution importante. Nous utilisons divers moyens de communication, tels que le courrier \u00e9lectronique, les appels t\u00e9l\u00e9phoniques et les r\u00e9unions en personne dans notre bureau de Valence, pour nous assurer que vous \u00eates pleinement inform\u00e9.   <\/p>\n<p>De plus, nous sommes toujours disponibles pour r\u00e9pondre \u00e0 toutes vos questions ou pr\u00e9occupations tout au long du processus. Nous sommes fiers de fournir un service transparent et fiable, et nous nous effor\u00e7ons d&rsquo;\u00eatre le meilleur cabinet d&rsquo;avocats de Valence en mati\u00e8re de satisfaction client et de communication efficace. Nous pensons qu&rsquo;un client inform\u00e9 est un client autonome, et nous sommes l\u00e0 pour vous guider \u00e0 chaque \u00e9tape vers la r\u00e9solution de vos probl\u00e8mes juridiques.  <\/p>\n<\/div>\n\t\t\t\t<\/div>\n\t\t\t\t\t\t\t\t\t\t<script type=\"application\/ld+json\">{\"@context\":\"https:\\\/\\\/schema.org\",\"@type\":\"FAQPage\",\"mainEntity\":[{\"@type\":\"Question\",\"name\":\"Quels services propose notre cabinet d'avocats \\u00e0 Valence ?\",\"acceptedAnswer\":{\"@type\":\"Answer\",\"text\":\"<p>Notre cabinet d&rsquo;avocats \\u00e0 Valence propose une gamme compl\\u00e8te de services juridiques con\\u00e7us pour r\\u00e9pondre aux besoins de nos clients. Nous nous sp\\u00e9cialisons dans divers domaines du droit, notamment le droit civil, p\\u00e9nal, du travail et commercial. Avec une \\u00e9quipe d&rsquo;avocats agr\\u00e9\\u00e9s \\u00e0 Valence, nous sommes pr\\u00eats \\u00e0 fournir des conseils juridiques et une repr\\u00e9sentation de haute qualit\\u00e9 devant les tribunaux. Notre objectif est de fournir des solutions juridiques efficaces et efficientes qui r\\u00e9pondent aux int\\u00e9r\\u00eats de nos clients.   <\\\/p>\\n\"}},{\"@type\":\"Question\",\"name\":\"Comment puis-je contacter votre cabinet d'avocats \\u00e0 Valence pour une consultation ?\",\"acceptedAnswer\":{\"@type\":\"Answer\",\"text\":\"<p>Si vous souhaitez planifier une consultation avec un avocat \\u00e0 Valence, vous pouvez contacter notre cabinet d&rsquo;avocats via notre site Web, o\\u00f9 vous trouverez un formulaire de contact, ou en appelant directement notre bureau. Nous nous effor\\u00e7ons de r\\u00e9pondre \\u00e0 toutes les demandes dans les meilleurs d\\u00e9lais et sommes l\\u00e0 pour vous aider avec tous vos besoins juridiques. Une premi\\u00e8re consultation avec l&rsquo;un de nos avocats vous permettra de discuter des d\\u00e9tails de votre cas et de recevoir des conseils juridiques d&rsquo;experts.  <\\\/p>\\n\"}},{\"@type\":\"Question\",\"name\":\"Qu'est-ce qui distingue notre cabinet d'avocats \\u00e0 Valence des autres cabinets ?\",\"acceptedAnswer\":{\"@type\":\"Answer\",\"text\":\"<p>Notre cabinet d&rsquo;avocats \\u00e0 Valence se distingue par le d\\u00e9vouement, l&rsquo;exp\\u00e9rience et l&rsquo;engagement de nos avocats envers la satisfaction du client. Consid\\u00e9r\\u00e9 parmi les meilleurs cabinets d&rsquo;avocats de Valence, Chapapr\\u00eda-Navarro &amp; Asociados est fier d&rsquo;offrir une attention personnalis\\u00e9e et une approche proactive pour r\\u00e9soudre les d\\u00e9fis juridiques de nos clients. La r\\u00e9putation que nous avons b\\u00e2tie au sein de la communaut\\u00e9 repose sur notre int\\u00e9grit\\u00e9, notre professionnalisme et notre capacit\\u00e9 \\u00e0 obtenir des r\\u00e9sultats positifs dans un large \\u00e9ventail de questions juridiques.  <\\\/p>\\n\"}},{\"@type\":\"Question\",\"name\":\"Quelle est l'exp\\u00e9rience des anciens clients avec votre cabinet d'avocats \\u00e0 Valence ?\",\"acceptedAnswer\":{\"@type\":\"Answer\",\"text\":\"<p>Les clients qui ont travaill\\u00e9 avec notre cabinet d&rsquo;avocats de Valence louent souvent la qualit\\u00e9 de notre service, l&rsquo;expertise de nos avocats et l&rsquo;attention personnalis\\u00e9e que nous offrons dans chaque cas. Notre objectif est toujours d&rsquo;obtenir les meilleurs r\\u00e9sultats possibles pour nos clients, et nous sommes fiers d&rsquo;\\u00eatre reconnus comme l&rsquo;un des meilleurs cabinets d&rsquo;avocats de Valence. Vous pouvez trouver des t\\u00e9moignages et des avis d&rsquo;anciens clients sur notre site Web, ce qui vous donnera une bonne id\\u00e9e de l&rsquo;exp\\u00e9rience \\u00e0 laquelle vous pouvez vous attendre en travaillant avec nous.  <\\\/p>\\n\"}},{\"@type\":\"Question\",\"name\":\"Quels processus votre cabinet suit-il pour tenir les clients inform\\u00e9s de l\\u2019avancement de leurs dossiers ?\",\"acceptedAnswer\":{\"@type\":\"Answer\",\"text\":\"<p>Chez Chapapr\\u00eda-Navarro &amp; Associates, nous comprenons l\\u2019importance de tenir nos clients inform\\u00e9s \\u00e0 chaque \\u00e9tape de leur dossier. D\\u00e8s le moment o\\u00f9 vous nous contactez pour une consultation juridique \\u00e0 Valence, nous nous engageons \\u00e0 fournir une communication claire et coh\\u00e9rente. Notre processus commence par une \\u00e9valuation d\\u00e9taill\\u00e9e de votre cas, o\\u00f9 notre \\u00e9quipe d&rsquo;avocats professionnels \\u00e0 Valence vous expliquera les options juridiques disponibles et les r\\u00e9sultats potentiels.<br \\\/>Au fur et \\u00e0 mesure de l&rsquo;\\u00e9volution de votre dossier, qu&rsquo;il s&rsquo;agisse de droit civil, p\\u00e9nal, du travail ou commercial, notre cabinet d&rsquo;avocats de Valence veillera \\u00e0 ce que vous soyez tenu inform\\u00e9 de toute \\u00e9volution importante. Nous utilisons divers moyens de communication, tels que le courrier \\u00e9lectronique, les appels t\\u00e9l\\u00e9phoniques et les r\\u00e9unions en personne dans notre bureau de Valence, pour nous assurer que vous \\u00eates pleinement inform\\u00e9.   <\\\/p>\\n<p>De plus, nous sommes toujours disponibles pour r\\u00e9pondre \\u00e0 toutes vos questions ou pr\\u00e9occupations tout au long du processus. Nous sommes fiers de fournir un service transparent et fiable, et nous nous effor\\u00e7ons d&rsquo;\\u00eatre le meilleur cabinet d&rsquo;avocats de Valence en mati\\u00e8re de satisfaction client et de communication efficace. Nous pensons qu&rsquo;un client inform\\u00e9 est un client autonome, et nous sommes l\\u00e0 pour vous guider \\u00e0 chaque \\u00e9tape vers la r\\u00e9solution de vos probl\\u00e8mes juridiques.  <\\\/p>\\n\"}}]}<\/script>\n\t\t\t\t\t<\/div>\n\t\t\t\t\t\t<\/div>\n\t\t\t\t<\/div>\n\t\t\t\t\t<\/div>\n\t\t<\/div>\n\t\t\t\t\t<\/div>\n\t\t<\/section>\n\t\t\t\t<section class=\"elementor-section elementor-top-section elementor-element elementor-element-6ef2bbb elementor-section-boxed elementor-section-height-default elementor-section-height-default\" data-id=\"6ef2bbb\" data-element_type=\"section\" data-settings=\"{&quot;jet_parallax_layout_list&quot;:[]}\">\n\t\t\t\t\t\t<div class=\"elementor-container elementor-column-gap-default\">\n\t\t\t\t\t<div class=\"elementor-column elementor-col-100 elementor-top-column elementor-element elementor-element-212d8e9\" data-id=\"212d8e9\" data-element_type=\"column\">\n\t\t\t<div class=\"elementor-widget-wrap elementor-element-populated\">\n\t\t\t\t\t\t<div class=\"elementor-element elementor-element-701344c elementor-widget elementor-widget-heading\" data-id=\"701344c\" data-element_type=\"widget\" id=\"contacto\" data-widget_type=\"heading.default\">\n\t\t\t\t<div class=\"elementor-widget-container\">\n\t\t\t\t\t<h2 class=\"elementor-heading-title elementor-size-default\">Comment pouvons-nous vous aider?<\/h2>\t\t\t\t<\/div>\n\t\t\t\t<\/div>\n\t\t\t\t\t<\/div>\n\t\t<\/div>\n\t\t\t\t\t<\/div>\n\t\t<\/section>\n\t\t\t\t<section class=\"elementor-section elementor-top-section elementor-element elementor-element-c020bda elementor-section-boxed elementor-section-height-default elementor-section-height-default\" data-id=\"c020bda\" data-element_type=\"section\" data-settings=\"{&quot;jet_parallax_layout_list&quot;:[]}\">\n\t\t\t\t\t\t<div class=\"elementor-container elementor-column-gap-default\">\n\t\t\t\t\t<div class=\"elementor-column elementor-col-100 elementor-top-column elementor-element elementor-element-d12e0b4\" data-id=\"d12e0b4\" data-element_type=\"column\">\n\t\t\t<div class=\"elementor-widget-wrap elementor-element-populated\">\n\t\t\t\t\t\t<div class=\"elementor-element elementor-element-81db379 elementor-button-align-end elementor-widget elementor-widget-form\" data-id=\"81db379\" data-element_type=\"widget\" data-settings=\"{&quot;step_next_label&quot;:&quot;Suivant&quot;,&quot;step_previous_label&quot;:&quot;Pr\\u00e9c\\u00e9dent&quot;,&quot;button_width&quot;:&quot;100&quot;,&quot;step_type&quot;:&quot;number_text&quot;,&quot;step_icon_shape&quot;:&quot;circle&quot;}\" data-widget_type=\"form.default\">\n\t\t\t\t<div class=\"elementor-widget-container\">\n\t\t\t\t\t\t\t<form class=\"elementor-form\" method=\"post\" id=\"contact_form\" name=\"Contact\">\n\t\t\t<input type=\"hidden\" name=\"post_id\" value=\"11259\"\/>\n\t\t\t<input type=\"hidden\" name=\"form_id\" value=\"81db379\"\/>\n\t\t\t<input type=\"hidden\" name=\"referer_title\" value=\"Chapapr\u00eda-Navarro &amp; Asociados\" \/>\n\n\t\t\t\n\t\t\t<div class=\"elementor-form-fields-wrapper elementor-labels-\">\n\t\t\t\t\t\t\t\t<div class=\"elementor-field-type-recaptcha_v3 elementor-field-group elementor-column elementor-field-group-field_ebaecf9 elementor-col-100 recaptcha_v3-bottomleft\">\n\t\t\t\t\t<div class=\"elementor-field\" id=\"form-field-field_ebaecf9\"><div class=\"elementor-g-recaptcha\" data-sitekey=\"6LdvRKMkAAAAAF12avItMNzjCTbHOmzV5SriVKyW\" data-type=\"v3\" data-action=\"Form\" data-badge=\"bottomleft\" data-size=\"invisible\"><\/div><\/div>\t\t\t\t<\/div>\n\t\t\t\t\t\t\t\t<div class=\"elementor-field-type-text elementor-field-group elementor-column elementor-field-group-form_nombre elementor-col-100 elementor-field-required\">\n\t\t\t\t\t\t\t\t\t\t\t\t<label for=\"form-field-form_nombre\" class=\"elementor-field-label elementor-screen-only\">\n\t\t\t\t\t\t\t\tNom\t\t\t\t\t\t\t<\/label>\n\t\t\t\t\t\t\t\t\t\t\t\t\t\t<input size=\"1\" type=\"text\" name=\"form_fields[form_nombre]\" id=\"form-field-form_nombre\" class=\"elementor-field elementor-size-sm  elementor-field-textual\" placeholder=\"NOM ET PR\u00c9NOM\" required=\"required\">\n\t\t\t\t\t\t\t\t\t\t\t<\/div>\n\t\t\t\t\t\t\t\t<div class=\"elementor-field-type-email elementor-field-group elementor-column elementor-field-group-form_email elementor-col-100 elementor-field-required\">\n\t\t\t\t\t\t\t\t\t\t\t\t<label for=\"form-field-form_email\" class=\"elementor-field-label elementor-screen-only\">\n\t\t\t\t\t\t\t\tAdresse \u00e9lectronique\t\t\t\t\t\t\t<\/label>\n\t\t\t\t\t\t\t\t\t\t\t\t\t\t<input size=\"1\" type=\"email\" name=\"form_fields[form_email]\" id=\"form-field-form_email\" class=\"elementor-field elementor-size-sm  elementor-field-textual\" placeholder=\"EMAIL\" required=\"required\">\n\t\t\t\t\t\t\t\t\t\t\t<\/div>\n\t\t\t\t\t\t\t\t<div class=\"elementor-field-type-tel elementor-field-group elementor-column elementor-field-group-field_7abe490 elementor-col-100 elementor-field-required\">\n\t\t\t\t\t\t\t\t\t\t\t\t<label for=\"form-field-field_7abe490\" class=\"elementor-field-label elementor-screen-only\">\n\t\t\t\t\t\t\t\tT\u00e9l\u00e9phone\t\t\t\t\t\t\t<\/label>\n\t\t\t\t\t\t\t\t<input size=\"1\" type=\"tel\" name=\"form_fields[field_7abe490]\" id=\"form-field-field_7abe490\" class=\"elementor-field elementor-size-sm  elementor-field-textual\" placeholder=\"T\u00c9L\u00c9PHONE\" required=\"required\" pattern=\"[0-9()#&amp;+*-=.]+\" title=\"Seuls les caract\u00e8res de num\u00e9ros de t\u00e9l\u00e9phone (#, -, *, etc.) sont accept\u00e9s.\">\n\n\t\t\t\t\t\t<\/div>\n\t\t\t\t\t\t\t\t<div class=\"elementor-field-type-textarea elementor-field-group elementor-column elementor-field-group-form_mensaje elementor-col-100 elementor-field-required\">\n\t\t\t\t\t\t\t\t\t\t\t\t<label for=\"form-field-form_mensaje\" class=\"elementor-field-label elementor-screen-only\">\n\t\t\t\t\t\t\t\tMessage\t\t\t\t\t\t\t<\/label>\n\t\t\t\t\t\t<textarea class=\"elementor-field-textual elementor-field  elementor-size-sm\" name=\"form_fields[form_mensaje]\" id=\"form-field-form_mensaje\" rows=\"4\" placeholder=\"MESSAGE\" required=\"required\"><\/textarea>\t\t\t\t<\/div>\n\t\t\t\t\t\t\t\t<div class=\"elementor-field-type-acceptance elementor-field-group elementor-column elementor-field-group-form_acepta elementor-col-100 elementor-field-required\">\n\t\t\t\t\t\t\t\t\t\t\t\t<label for=\"form-field-form_acepta\" class=\"elementor-field-label elementor-screen-only\">\n\t\t\t\t\t\t\t\tAceptaci\u00f3n\t\t\t\t\t\t\t<\/label>\n\t\t\t\t\t\t\t\t<div class=\"elementor-field-subgroup\">\n\t\t\t<span class=\"elementor-field-option\">\n\t\t\t\t<input type=\"checkbox\" name=\"form_fields[form_acepta]\" id=\"form-field-form_acepta\" class=\"elementor-field elementor-size-sm  elementor-acceptance-field\" required=\"required\">\n\t\t\t\t<label for=\"form-field-form_acepta\">J'ai lu et j'accepte <a href=\"\/politica-de-privacidad\/\" target=\"_blank\">politique de confidentialit\u00e9<\/a><\/label>\t\t\t<\/span>\n\t\t<\/div>\n\t\t\t\t\t\t<\/div>\n\t\t\t\t\t\t\t\t<div class=\"elementor-field-group elementor-column elementor-field-type-submit elementor-col-100 e-form__buttons\">\n\t\t\t\t\t<button class=\"elementor-button elementor-size-sm\" type=\"submit\">\n\t\t\t\t\t\t<span class=\"elementor-button-content-wrapper\">\n\t\t\t\t\t\t\t\t\t\t\t\t\t\t\t\t\t\t\t\t\t\t<span class=\"elementor-button-text\">contacter<\/span>\n\t\t\t\t\t\t\t\t\t\t\t\t\t<\/span>\n\t\t\t\t\t<\/button>\n\t\t\t\t<\/div>\n\t\t\t<\/div>\n\t\t<\/form>\n\t\t\t\t\t\t<\/div>\n\t\t\t\t<\/div>\n\t\t\t\t\t<\/div>\n\t\t<\/div>\n\t\t\t\t\t<\/div>\n\t\t<\/section>\n\t\t\t\t<\/div>\n\t\t","protected":false},"excerpt":{"rendered":"<p>Votre cabinet d&rsquo;avocats \u00e0 VALENCE Cabinet d&rsquo;avocats de Valence Repr\u00e9sentation l\u00e9gale \u00e0 Valencia Depuis 1971, nous offrons nos services de repr\u00e9sentation juridique \u00e0 Torrevieja, et maintenant aussi dans la ville de Valence. Services juridiques \u00e0 Valence : diff\u00e9rentes branches du droit telles que le droit administratif, le droit urbain, le droit du travail, le droit [&hellip;]<\/p>\n","protected":false},"author":2,"featured_media":7245,"parent":0,"menu_order":0,"comment_status":"closed","ping_status":"closed","template":"","meta":{"_joinchat":[],"footnotes":""},"class_list":["post-11259","page","type-page","status-publish","has-post-thumbnail","hentry"],"yoast_head":"<!-- This site is optimized with the Yoast SEO plugin v27.4 - https:\/\/yoast.com\/product\/yoast-seo-wordpress\/ -->\n<title>\u25ba Cabinet d&#039;avocats \u00e0 Valence | Chapapr\u00eda-Navarro<\/title>\n<meta name=\"description\" content=\"Cabinet d&#039;avocats Chapapr\u00eda-Navarro &amp; Associates -- Visitez-nous \u00e0 C\/ de Bret\u00f3n de los Herreros, 5, Ciutat Vella, 46003 Valencia -- \u260e\ufe0f 966 276 171\" \/>\n<meta name=\"robots\" content=\"index, follow, max-snippet:-1, max-image-preview:large, max-video-preview:-1\" \/>\n<link rel=\"canonical\" href=\"https:\/\/chapaprianavarroyasociados.com\/fr\/bureau-de-valence\/\" \/>\n<meta property=\"og:locale\" content=\"fr_FR\" \/>\n<meta property=\"og:type\" content=\"article\" \/>\n<meta property=\"og:title\" content=\"\u25ba Cabinet d&#039;avocats \u00e0 Valence | Chapapr\u00eda-Navarro\" \/>\n<meta property=\"og:description\" content=\"Cabinet d&#039;avocats Chapapr\u00eda-Navarro &amp; Associates -- Visitez-nous \u00e0 C\/ de Bret\u00f3n de los Herreros, 5, Ciutat Vella, 46003 Valencia -- \u260e\ufe0f 966 276 171\" \/>\n<meta property=\"og:url\" content=\"https:\/\/chapaprianavarroyasociados.com\/fr\/bureau-de-valence\/\" \/>\n<meta property=\"og:site_name\" content=\"Chapapr\u00eda-Navarro &amp; Asociados\" \/>\n<meta property=\"article:publisher\" content=\"https:\/\/www.facebook.com\/chapaprianavarroasociados\/\" \/>\n<meta property=\"article:modified_time\" content=\"2025-04-09T10:34:12+00:00\" \/>\n<meta property=\"og:image\" content=\"https:\/\/chapaprianavarroyasociados.com\/wp-content\/uploads\/2024\/04\/Oficina-Valencia.jpg\" \/>\n\t<meta property=\"og:image:width\" content=\"1100\" \/>\n\t<meta property=\"og:image:height\" content=\"781\" \/>\n\t<meta property=\"og:image:type\" content=\"image\/jpeg\" \/>\n<meta name=\"twitter:card\" content=\"summary_large_image\" \/>\n<meta name=\"twitter:site\" content=\"@BufeteChapapria\" \/>\n<meta name=\"twitter:label1\" content=\"Dur\u00e9e de lecture estim\u00e9e\" \/>\n\t<meta name=\"twitter:data1\" content=\"6 minutes\" \/>\n<script type=\"application\/ld+json\" class=\"yoast-schema-graph\">{\"@context\":\"https:\\\/\\\/schema.org\",\"@graph\":[{\"@type\":\"WebPage\",\"@id\":\"https:\\\/\\\/chapaprianavarroyasociados.com\\\/fr\\\/bureau-de-valence\\\/\",\"url\":\"https:\\\/\\\/chapaprianavarroyasociados.com\\\/fr\\\/bureau-de-valence\\\/\",\"name\":\"\u25ba Cabinet d'avocats \u00e0 Valence | Chapapr\u00eda-Navarro\",\"isPartOf\":{\"@id\":\"https:\\\/\\\/chapaprianavarroyasociados.com\\\/fr\\\/#website\"},\"primaryImageOfPage\":{\"@id\":\"https:\\\/\\\/chapaprianavarroyasociados.com\\\/fr\\\/bureau-de-valence\\\/#primaryimage\"},\"image\":{\"@id\":\"https:\\\/\\\/chapaprianavarroyasociados.com\\\/fr\\\/bureau-de-valence\\\/#primaryimage\"},\"thumbnailUrl\":\"https:\\\/\\\/chapaprianavarroyasociados.com\\\/wp-content\\\/uploads\\\/2024\\\/04\\\/Oficina-Valencia.jpg\",\"datePublished\":\"2023-10-24T11:17:00+00:00\",\"dateModified\":\"2025-04-09T10:34:12+00:00\",\"description\":\"Cabinet d'avocats Chapapr\u00eda-Navarro & Associates -- Visitez-nous \u00e0 C\\\/ de Bret\u00f3n de los Herreros, 5, Ciutat Vella, 46003 Valencia -- \u260e\ufe0f 966 276 171\",\"breadcrumb\":{\"@id\":\"https:\\\/\\\/chapaprianavarroyasociados.com\\\/fr\\\/bureau-de-valence\\\/#breadcrumb\"},\"inLanguage\":\"fr-FR\",\"potentialAction\":[{\"@type\":\"ReadAction\",\"target\":[\"https:\\\/\\\/chapaprianavarroyasociados.com\\\/fr\\\/bureau-de-valence\\\/\"]}]},{\"@type\":\"ImageObject\",\"inLanguage\":\"fr-FR\",\"@id\":\"https:\\\/\\\/chapaprianavarroyasociados.com\\\/fr\\\/bureau-de-valence\\\/#primaryimage\",\"url\":\"https:\\\/\\\/chapaprianavarroyasociados.com\\\/wp-content\\\/uploads\\\/2024\\\/04\\\/Oficina-Valencia.jpg\",\"contentUrl\":\"https:\\\/\\\/chapaprianavarroyasociados.com\\\/wp-content\\\/uploads\\\/2024\\\/04\\\/Oficina-Valencia.jpg\",\"width\":1100,\"height\":781,\"caption\":\"Despacho de Abogados en Valencia\"},{\"@type\":\"BreadcrumbList\",\"@id\":\"https:\\\/\\\/chapaprianavarroyasociados.com\\\/fr\\\/bureau-de-valence\\\/#breadcrumb\",\"itemListElement\":[{\"@type\":\"ListItem\",\"position\":1,\"name\":\"Portada\",\"item\":\"https:\\\/\\\/chapaprianavarroyasociados.com\\\/fr\\\/\"},{\"@type\":\"ListItem\",\"position\":2,\"name\":\"BUREAU DE VALENCE\"}]},{\"@type\":\"WebSite\",\"@id\":\"https:\\\/\\\/chapaprianavarroyasociados.com\\\/fr\\\/#website\",\"url\":\"https:\\\/\\\/chapaprianavarroyasociados.com\\\/fr\\\/\",\"name\":\"Chapapr\u00eda-Navarro y Asociados\",\"description\":\"Bufete de abogados en Torrevieja, Valencia y Albacete\",\"publisher\":{\"@id\":\"https:\\\/\\\/chapaprianavarroyasociados.com\\\/fr\\\/#organization\"},\"potentialAction\":[{\"@type\":\"SearchAction\",\"target\":{\"@type\":\"EntryPoint\",\"urlTemplate\":\"https:\\\/\\\/chapaprianavarroyasociados.com\\\/fr\\\/?s={search_term_string}\"},\"query-input\":{\"@type\":\"PropertyValueSpecification\",\"valueRequired\":true,\"valueName\":\"search_term_string\"}}],\"inLanguage\":\"fr-FR\"},{\"@type\":\"Organization\",\"@id\":\"https:\\\/\\\/chapaprianavarroyasociados.com\\\/fr\\\/#organization\",\"name\":\"Chapapr\u00eda Navarro y Asociados\",\"url\":\"https:\\\/\\\/chapaprianavarroyasociados.com\\\/fr\\\/\",\"logo\":{\"@type\":\"ImageObject\",\"inLanguage\":\"fr-FR\",\"@id\":\"https:\\\/\\\/chapaprianavarroyasociados.com\\\/fr\\\/#\\\/schema\\\/logo\\\/image\\\/\",\"url\":\"https:\\\/\\\/chapaprianavarroyasociados.com\\\/wp-content\\\/uploads\\\/2022\\\/10\\\/cropped-logo_version_02_blanco.png\",\"contentUrl\":\"https:\\\/\\\/chapaprianavarroyasociados.com\\\/wp-content\\\/uploads\\\/2022\\\/10\\\/cropped-logo_version_02_blanco.png\",\"width\":296,\"height\":85,\"caption\":\"Chapapr\u00eda Navarro y Asociados\"},\"image\":{\"@id\":\"https:\\\/\\\/chapaprianavarroyasociados.com\\\/fr\\\/#\\\/schema\\\/logo\\\/image\\\/\"},\"sameAs\":[\"https:\\\/\\\/www.facebook.com\\\/chapaprianavarroasociados\\\/\",\"https:\\\/\\\/x.com\\\/BufeteChapapria\",\"https:\\\/\\\/www.linkedin.com\\\/company\\\/chapapria-navarro-y-asociados-s-l-p\\\/\",\"https:\\\/\\\/www.instagram.com\\\/chapaprianavarroasociados\\\/\"]}]}<\/script>\n<!-- \/ Yoast SEO plugin. -->","yoast_head_json":{"title":"\u25ba Cabinet d'avocats \u00e0 Valence | Chapapr\u00eda-Navarro","description":"Cabinet d'avocats Chapapr\u00eda-Navarro & Associates -- Visitez-nous \u00e0 C\/ de Bret\u00f3n de los Herreros, 5, Ciutat Vella, 46003 Valencia -- \u260e\ufe0f 966 276 171","robots":{"index":"index","follow":"follow","max-snippet":"max-snippet:-1","max-image-preview":"max-image-preview:large","max-video-preview":"max-video-preview:-1"},"canonical":"https:\/\/chapaprianavarroyasociados.com\/fr\/bureau-de-valence\/","og_locale":"fr_FR","og_type":"article","og_title":"\u25ba Cabinet d'avocats \u00e0 Valence | Chapapr\u00eda-Navarro","og_description":"Cabinet d'avocats Chapapr\u00eda-Navarro & Associates -- Visitez-nous \u00e0 C\/ de Bret\u00f3n de los Herreros, 5, Ciutat Vella, 46003 Valencia -- \u260e\ufe0f 966 276 171","og_url":"https:\/\/chapaprianavarroyasociados.com\/fr\/bureau-de-valence\/","og_site_name":"Chapapr\u00eda-Navarro &amp; Asociados","article_publisher":"https:\/\/www.facebook.com\/chapaprianavarroasociados\/","article_modified_time":"2025-04-09T10:34:12+00:00","og_image":[{"width":1100,"height":781,"url":"https:\/\/chapaprianavarroyasociados.com\/wp-content\/uploads\/2024\/04\/Oficina-Valencia.jpg","type":"image\/jpeg"}],"twitter_card":"summary_large_image","twitter_site":"@BufeteChapapria","twitter_misc":{"Dur\u00e9e de lecture estim\u00e9e":"6 minutes"},"schema":{"@context":"https:\/\/schema.org","@graph":[{"@type":"WebPage","@id":"https:\/\/chapaprianavarroyasociados.com\/fr\/bureau-de-valence\/","url":"https:\/\/chapaprianavarroyasociados.com\/fr\/bureau-de-valence\/","name":"\u25ba Cabinet d'avocats \u00e0 Valence | Chapapr\u00eda-Navarro","isPartOf":{"@id":"https:\/\/chapaprianavarroyasociados.com\/fr\/#website"},"primaryImageOfPage":{"@id":"https:\/\/chapaprianavarroyasociados.com\/fr\/bureau-de-valence\/#primaryimage"},"image":{"@id":"https:\/\/chapaprianavarroyasociados.com\/fr\/bureau-de-valence\/#primaryimage"},"thumbnailUrl":"https:\/\/chapaprianavarroyasociados.com\/wp-content\/uploads\/2024\/04\/Oficina-Valencia.jpg","datePublished":"2023-10-24T11:17:00+00:00","dateModified":"2025-04-09T10:34:12+00:00","description":"Cabinet d'avocats Chapapr\u00eda-Navarro & Associates -- Visitez-nous \u00e0 C\/ de Bret\u00f3n de los Herreros, 5, Ciutat Vella, 46003 Valencia -- \u260e\ufe0f 966 276 171","breadcrumb":{"@id":"https:\/\/chapaprianavarroyasociados.com\/fr\/bureau-de-valence\/#breadcrumb"},"inLanguage":"fr-FR","potentialAction":[{"@type":"ReadAction","target":["https:\/\/chapaprianavarroyasociados.com\/fr\/bureau-de-valence\/"]}]},{"@type":"ImageObject","inLanguage":"fr-FR","@id":"https:\/\/chapaprianavarroyasociados.com\/fr\/bureau-de-valence\/#primaryimage","url":"https:\/\/chapaprianavarroyasociados.com\/wp-content\/uploads\/2024\/04\/Oficina-Valencia.jpg","contentUrl":"https:\/\/chapaprianavarroyasociados.com\/wp-content\/uploads\/2024\/04\/Oficina-Valencia.jpg","width":1100,"height":781,"caption":"Despacho de Abogados en Valencia"},{"@type":"BreadcrumbList","@id":"https:\/\/chapaprianavarroyasociados.com\/fr\/bureau-de-valence\/#breadcrumb","itemListElement":[{"@type":"ListItem","position":1,"name":"Portada","item":"https:\/\/chapaprianavarroyasociados.com\/fr\/"},{"@type":"ListItem","position":2,"name":"BUREAU DE VALENCE"}]},{"@type":"WebSite","@id":"https:\/\/chapaprianavarroyasociados.com\/fr\/#website","url":"https:\/\/chapaprianavarroyasociados.com\/fr\/","name":"Chapapr\u00eda-Navarro y Asociados","description":"Bufete de abogados en Torrevieja, Valencia y Albacete","publisher":{"@id":"https:\/\/chapaprianavarroyasociados.com\/fr\/#organization"},"potentialAction":[{"@type":"SearchAction","target":{"@type":"EntryPoint","urlTemplate":"https:\/\/chapaprianavarroyasociados.com\/fr\/?s={search_term_string}"},"query-input":{"@type":"PropertyValueSpecification","valueRequired":true,"valueName":"search_term_string"}}],"inLanguage":"fr-FR"},{"@type":"Organization","@id":"https:\/\/chapaprianavarroyasociados.com\/fr\/#organization","name":"Chapapr\u00eda Navarro y Asociados","url":"https:\/\/chapaprianavarroyasociados.com\/fr\/","logo":{"@type":"ImageObject","inLanguage":"fr-FR","@id":"https:\/\/chapaprianavarroyasociados.com\/fr\/#\/schema\/logo\/image\/","url":"https:\/\/chapaprianavarroyasociados.com\/wp-content\/uploads\/2022\/10\/cropped-logo_version_02_blanco.png","contentUrl":"https:\/\/chapaprianavarroyasociados.com\/wp-content\/uploads\/2022\/10\/cropped-logo_version_02_blanco.png","width":296,"height":85,"caption":"Chapapr\u00eda Navarro y Asociados"},"image":{"@id":"https:\/\/chapaprianavarroyasociados.com\/fr\/#\/schema\/logo\/image\/"},"sameAs":["https:\/\/www.facebook.com\/chapaprianavarroasociados\/","https:\/\/x.com\/BufeteChapapria","https:\/\/www.linkedin.com\/company\/chapapria-navarro-y-asociados-s-l-p\/","https:\/\/www.instagram.com\/chapaprianavarroasociados\/"]}]}},"_links":{"self":[{"href":"https:\/\/chapaprianavarroyasociados.com\/fr\/wp-json\/wp\/v2\/pages\/11259","targetHints":{"allow":["GET"]}}],"collection":[{"href":"https:\/\/chapaprianavarroyasociados.com\/fr\/wp-json\/wp\/v2\/pages"}],"about":[{"href":"https:\/\/chapaprianavarroyasociados.com\/fr\/wp-json\/wp\/v2\/types\/page"}],"author":[{"embeddable":true,"href":"https:\/\/chapaprianavarroyasociados.com\/fr\/wp-json\/wp\/v2\/users\/2"}],"replies":[{"embeddable":true,"href":"https:\/\/chapaprianavarroyasociados.com\/fr\/wp-json\/wp\/v2\/comments?post=11259"}],"version-history":[{"count":2,"href":"https:\/\/chapaprianavarroyasociados.com\/fr\/wp-json\/wp\/v2\/pages\/11259\/revisions"}],"predecessor-version":[{"id":11261,"href":"https:\/\/chapaprianavarroyasociados.com\/fr\/wp-json\/wp\/v2\/pages\/11259\/revisions\/11261"}],"wp:featuredmedia":[{"embeddable":true,"href":"https:\/\/chapaprianavarroyasociados.com\/fr\/wp-json\/wp\/v2\/media\/7245"}],"wp:attachment":[{"href":"https:\/\/chapaprianavarroyasociados.com\/fr\/wp-json\/wp\/v2\/media?parent=11259"}],"curies":[{"name":"wp","href":"https:\/\/api.w.org\/{rel}","templated":true}]}}